{"id":1054,"date":"2020-04-30T16:55:56","date_gmt":"2020-04-30T16:55:56","guid":{"rendered":"https:\/\/desdunsullsdedona.cat\/?page_id=1054"},"modified":"2025-04-20T11:26:24","modified_gmt":"2025-04-20T11:26:24","slug":"boscos-onirics","status":"publish","type":"page","link":"https:\/\/desdunsullsdedona.cat\/index.php\/galeria\/boscos-onirics\/","title":{"rendered":"Boscos on\u00edrics"},"content":{"rendered":"\t\t<div data-elementor-type=\"wp-page\" data-elementor-id=\"1054\" class=\"elementor elementor-1054\" data-elementor-post-type=\"page\">\n\t\t\t\t\t\t<section class=\"elementor-section elementor-top-section elementor-element elementor-element-1ef21bc elementor-section-boxed elementor-section-height-default elementor-section-height-default\" data-id=\"1ef21bc\" data-element_type=\"section\" data-e-type=\"section\">\n\t\t\t\t\t\t<div class=\"elementor-container elementor-column-gap-default\">\n\t\t\t\t\t<div class=\"elementor-column elementor-col-100 elementor-top-column elementor-element elementor-element-7106fb54\" data-id=\"7106fb54\" data-element_type=\"column\" data-e-type=\"column\">\n\t\t\t<div class=\"elementor-widget-wrap elementor-element-populated\">\n\t\t\t\t\t\t<div class=\"elementor-element elementor-element-3b452bc elementor-widget elementor-widget-text-editor\" data-id=\"3b452bc\" data-element_type=\"widget\" data-e-type=\"widget\" data-widget_type=\"text-editor.default\">\n\t\t\t\t<div class=\"elementor-widget-container\">\n\t\t\t\t\t\t\t\t\t\n<div class=\"wp-block-themeisle-blocks-advanced-columns has-undefined-columns has-desktop-undefined-layout has-tablet-equal-layout has-mobile-equal-layout has-default-gap has-vertical-unset\" id=\"wp-block-themeisle-blocks-advanced-columns-7f00eb57\"><div class=\"wp-block-themeisle-blocks-advanced-columns-overlay\"><\/div><div class=\"innerblocks-wrap\"><\/div><\/div>\n\t\t\t\t\t\t\t\t<\/div>\n\t\t\t\t<\/div>\n\t\t\t\t\t<\/div>\n\t\t<\/div>\n\t\t\t\t\t<\/div>\n\t\t<\/section>\n\t\t\t\t<section class=\"elementor-section elementor-top-section elementor-element elementor-element-14491f57 elementor-section-content-middle elementor-section-boxed elementor-section-height-default elementor-section-height-default\" data-id=\"14491f57\" data-element_type=\"section\" data-e-type=\"section\">\n\t\t\t\t\t\t<div class=\"elementor-container elementor-column-gap-no\">\n\t\t\t\t\t<div class=\"elementor-column elementor-col-100 elementor-top-column elementor-element elementor-element-1ded8f0f\" data-id=\"1ded8f0f\" data-element_type=\"column\" data-e-type=\"column\">\n\t\t\t<div class=\"elementor-widget-wrap elementor-element-populated\">\n\t\t\t\t\t\t<div class=\"elementor-element elementor-element-14f09542 elementor-widget elementor-widget-heading\" data-id=\"14f09542\" data-element_type=\"widget\" data-e-type=\"widget\" data-widget_type=\"heading.default\">\n\t\t\t\t<div class=\"elementor-widget-container\">\n\t\t\t\t\t<h4 class=\"elementor-heading-title elementor-size-default\">Boscos on\u00edrics\n<\/h4>\t\t\t\t<\/div>\n\t\t\t\t<\/div>\n\t\t\t\t<div class=\"elementor-element elementor-element-b8aed42 elementor-widget elementor-widget-text-editor\" data-id=\"b8aed42\" data-element_type=\"widget\" data-e-type=\"widget\" data-widget_type=\"text-editor.default\">\n\t\t\t\t<div class=\"elementor-widget-container\">\n\t\t\t\t\t\t\t\t\t<p class=\"p1\">Quan arriba la tardor, els boscos es transformen en escenaris de somni. Els colors esclaten i es fonen amb la llum.El vent hi escriu una dansa.<\/p>\n<p class=\"p1\">Aquesta s\u00e8rie \u00e9s un viatge cap a la frontera entre all\u00f2 real i all\u00f2 imaginat.<\/p>\n<p class=\"p1\">Els arbres esdevenen pinzellades, i el paisatge respira un misteri que convida a perdre\u2019s.<\/p>\n<p class=\"p1\"><i>Boscos on\u00edrics<\/i> \u00e9s un homenatge a la bellesa canviant, al moviment subtil de la natura quan s\u2019adorm i es desperta alhora.<\/p>\n<p class=\"p3\">Un espai que vibra amb calma i encant.<\/p>\t\t\t\t\t\t\t\t<\/div>\n\t\t\t\t<\/div>\n\t\t\t\t<div class=\"elementor-element elementor-element-8f38219 elementor--h-position-center elementor--v-position-middle elementor-arrows-position-inside elementor-pagination-position-inside elementor-widget elementor-widget-slides\" data-id=\"8f38219\" data-element_type=\"widget\" data-e-type=\"widget\" data-settings=\"{&quot;navigation&quot;:&quot;both&quot;,&quot;autoplay&quot;:&quot;yes&quot;,&quot;pause_on_hover&quot;:&quot;yes&quot;,&quot;pause_on_interaction&quot;:&quot;yes&quot;,&quot;autoplay_speed&quot;:5000,&quot;infinite&quot;:&quot;yes&quot;,&quot;transition&quot;:&quot;slide&quot;,&quot;transition_speed&quot;:500}\" data-widget_type=\"slides.default\">\n\t\t\t\t<div class=\"elementor-widget-container\">\n\t\t\t\t\t\t\t\t\t<div class=\"elementor-swiper\">\n\t\t\t\t\t<div class=\"elementor-slides-wrapper elementor-main-swiper swiper\" role=\"region\" aria-roledescription=\"carousel\" aria-label=\"Diapositives\" dir=\"ltr\" data-animation=\"fadeInUp\">\n\t\t\t\t<div class=\"swiper-wrapper elementor-slides\">\n\t\t\t\t\t\t\t\t\t\t<div class=\"elementor-repeater-item-6bb060c swiper-slide\" role=\"group\" aria-roledescription=\"slide\"><div class=\"swiper-slide-bg\" role=\"img\" aria-label=\"Fulles dels arbres en la tardor, en moviment, amb colors c\u00e0lids i barrejats, difuminats.\"><\/div><div class=\"swiper-slide-inner\" ><div class=\"swiper-slide-contents\"><\/div><\/div><\/div><div class=\"elementor-repeater-item-8334109 swiper-slide\" role=\"group\" aria-roledescription=\"slide\"><div class=\"swiper-slide-bg\" role=\"img\" aria-label=\"Troncs d\u2019arbres allargats en un bosc amb colors de tardor i moviment pict\u00f2ric.\"><\/div><div class=\"swiper-slide-inner\" ><div class=\"swiper-slide-contents\"><\/div><\/div><\/div><div class=\"elementor-repeater-item-6c22610 swiper-slide\" role=\"group\" aria-roledescription=\"slide\"><div class=\"swiper-slide-bg\" role=\"img\" aria-label=\"Fageda de tardor amb fulles grogues i carbasses, imatge lleugerament moguda.\"><\/div><div class=\"swiper-slide-inner\" ><div class=\"swiper-slide-contents\"><\/div><\/div><\/div><div class=\"elementor-repeater-item-0eee1b3 swiper-slide\" role=\"group\" aria-roledescription=\"slide\"><div class=\"swiper-slide-bg\" role=\"img\" aria-label=\"Bosc de tardor amb vegetaci\u00f3 i arbres moguts, composici\u00f3 pict\u00f2rica i fantasiosa.\"><\/div><div class=\"swiper-slide-inner\" ><div class=\"swiper-slide-contents\"><\/div><\/div><\/div>\t\t\t\t<\/div>\n\t\t\t\t\t\t\t\t\t\t\t\t\t\t\t<div class=\"elementor-swiper-button elementor-swiper-button-prev\" role=\"button\" tabindex=\"0\" aria-label=\"Previous slide\">\n\t\t\t\t\t\t\t<i aria-hidden=\"true\" class=\"eicon-chevron-left\"><\/i>\t\t\t\t\t\t<\/div>\n\t\t\t\t\t\t<div class=\"elementor-swiper-button elementor-swiper-button-next\" role=\"button\" tabindex=\"0\" aria-label=\"Next slide\">\n\t\t\t\t\t\t\t<i aria-hidden=\"true\" class=\"eicon-chevron-right\"><\/i>\t\t\t\t\t\t<\/div>\n\t\t\t\t\t\t\t\t\t\t\t\t\t\t\t\t<div class=\"swiper-pagination\"><\/div>\n\t\t\t\t\t\t\t\t\t\t\t\t<\/div>\n\t\t\t\t<\/div>\n\t\t\t\t\t\t\t\t<\/div>\n\t\t\t\t<\/div>\n\t\t\t\t\t<\/div>\n\t\t<\/div>\n\t\t\t\t\t<\/div>\n\t\t<\/section>\n\t\t\t\t<section class=\"elementor-section elementor-top-section elementor-element elementor-element-b47a198 elementor-section-boxed elementor-section-height-default elementor-section-height-default\" data-id=\"b47a198\" data-element_type=\"section\" data-e-type=\"section\">\n\t\t\t\t\t\t<div class=\"elementor-container elementor-column-gap-default\">\n\t\t\t\t\t<div class=\"elementor-column elementor-col-100 elementor-top-column elementor-element elementor-element-32e4d27\" data-id=\"32e4d27\" data-element_type=\"column\" data-e-type=\"column\">\n\t\t\t<div class=\"elementor-widget-wrap elementor-element-populated\">\n\t\t\t\t\t\t<div class=\"elementor-element elementor-element-97270ba elementor-widget elementor-widget-spacer\" data-id=\"97270ba\" data-element_type=\"widget\" data-e-type=\"widget\" data-widget_type=\"spacer.default\">\n\t\t\t\t<div class=\"elementor-widget-container\">\n\t\t\t\t\t\t\t<div class=\"elementor-spacer\">\n\t\t\t<div class=\"elementor-spacer-inner\"><\/div>\n\t\t<\/div>\n\t\t\t\t\t\t<\/div>\n\t\t\t\t<\/div>\n\t\t\t\t\t<\/div>\n\t\t<\/div>\n\t\t\t\t\t<\/div>\n\t\t<\/section>\n\t\t\t\t<section class=\"elementor-section elementor-top-section elementor-element elementor-element-442c1bd elementor-section-boxed elementor-section-height-default elementor-section-height-default\" data-id=\"442c1bd\" data-element_type=\"section\" data-e-type=\"section\">\n\t\t\t\t\t\t<div class=\"elementor-container elementor-column-gap-default\">\n\t\t\t\t\t<div class=\"elementor-column elementor-col-100 elementor-top-column elementor-element elementor-element-d6713e0\" data-id=\"d6713e0\" data-element_type=\"column\" data-e-type=\"column\">\n\t\t\t<div class=\"elementor-widget-wrap elementor-element-populated\">\n\t\t\t\t\t\t<div class=\"elementor-element elementor-element-27068ba elementor-widget elementor-widget-text-editor\" data-id=\"27068ba\" data-element_type=\"widget\" data-e-type=\"widget\" data-widget_type=\"text-editor.default\">\n\t\t\t\t<div class=\"elementor-widget-container\">\n\t\t\t\t\t\t\t\t\t<p class=\"p1\"><i>Boscos on\u00edrics<\/i> \u00e9s una s\u00e8rie fotogr\u00e0fica de Carme Gotsens Vila inspirada en els paisatges de tardor. Les fotografies exploren la dimensi\u00f3 m\u00e9s po\u00e8tica i fant\u00e0stica dels boscos quan el color, la llum i el moviment es barregen per crear escenes que semblen irreals. Aquesta proposta de fotografia art\u00edstica evoca el misteri, la calma i la for\u00e7a transformadora de la natura, tot jugant amb la frontera entre la realitat i el somni.<\/p>\t\t\t\t\t\t\t\t<\/div>\n\t\t\t\t<\/div>\n\t\t\t\t\t<\/div>\n\t\t<\/div>\n\t\t\t\t\t<\/div>\n\t\t<\/section>\n\t\t\t\t<\/div>\n\t\t","protected":false},"excerpt":{"rendered":"<p>Boscos on\u00edrics Quan arriba la tardor, els boscos es transformen en escenaris de somni. Els colors esclaten i es fonen amb la llum.El vent hi escriu una dansa. Aquesta s\u00e8rie \u00e9s un viatge cap a la frontera entre all\u00f2 real i all\u00f2 imaginat. Els arbres esdevenen pinzellades, i el paisatge respira un misteri que convida &#8230; <a title=\"Boscos on\u00edrics\" class=\"read-more\" href=\"https:\/\/desdunsullsdedona.cat\/index.php\/galeria\/boscos-onirics\/\" aria-label=\"M\u00e9s informaci\u00f3 sobre Boscos on\u00edrics\">Llegiu m\u00e9s<\/a><\/p>\n","protected":false},"author":1,"featured_media":0,"parent":2580,"menu_order":0,"comment_status":"closed","ping_status":"closed","template":"","meta":{"footnotes":""},"class_list":["post-1054","page","type-page","status-publish"],"yoast_head":"<!-- This site is optimized with the Yoast SEO plugin v27.4 - https:\/\/yoast.com\/product\/yoast-seo-wordpress\/ -->\n<title>Boscos on\u00edrics - Carme Gotsens<\/title>\n<meta name=\"robots\" content=\"index, follow, max-snippet:-1, max-image-preview:large, max-video-preview:-1\" \/>\n<link rel=\"canonical\" href=\"https:\/\/desdunsullsdedona.cat\/index.php\/galeria\/boscos-onirics\/\" \/>\n<meta property=\"og:locale\" content=\"ca_ES\" \/>\n<meta property=\"og:type\" content=\"article\" \/>\n<meta property=\"og:title\" content=\"Boscos on\u00edrics - Carme Gotsens\" \/>\n<meta property=\"og:description\" content=\"Boscos on\u00edrics Quan arriba la tardor, els boscos es transformen en escenaris de somni. Els colors esclaten i es fonen amb la llum.El vent hi escriu una dansa. Aquesta s\u00e8rie \u00e9s un viatge cap a la frontera entre all\u00f2 real i all\u00f2 imaginat. Els arbres esdevenen pinzellades, i el paisatge respira un misteri que convida ... Llegiu m\u00e9s\" \/>\n<meta property=\"og:url\" content=\"https:\/\/desdunsullsdedona.cat\/index.php\/galeria\/boscos-onirics\/\" \/>\n<meta property=\"og:site_name\" content=\"Carme Gotsens\" \/>\n<meta property=\"article:modified_time\" content=\"2025-04-20T11:26:24+00:00\" \/>\n<meta name=\"twitter:card\" content=\"summary_large_image\" \/>\n<meta name=\"twitter:label1\" content=\"Temps estimat de lectura\" \/>\n\t<meta name=\"twitter:data1\" content=\"1 minut\" \/>\n<script type=\"application\/ld+json\" class=\"yoast-schema-graph\">{\"@context\":\"https:\\\/\\\/schema.org\",\"@graph\":[{\"@type\":\"WebPage\",\"@id\":\"https:\\\/\\\/desdunsullsdedona.cat\\\/index.php\\\/galeria\\\/boscos-onirics\\\/\",\"url\":\"https:\\\/\\\/desdunsullsdedona.cat\\\/index.php\\\/galeria\\\/boscos-onirics\\\/\",\"name\":\"Boscos on\u00edrics - Carme Gotsens\",\"isPartOf\":{\"@id\":\"https:\\\/\\\/desdunsullsdedona.cat\\\/#website\"},\"datePublished\":\"2020-04-30T16:55:56+00:00\",\"dateModified\":\"2025-04-20T11:26:24+00:00\",\"breadcrumb\":{\"@id\":\"https:\\\/\\\/desdunsullsdedona.cat\\\/index.php\\\/galeria\\\/boscos-onirics\\\/#breadcrumb\"},\"inLanguage\":\"ca\",\"potentialAction\":[{\"@type\":\"ReadAction\",\"target\":[\"https:\\\/\\\/desdunsullsdedona.cat\\\/index.php\\\/galeria\\\/boscos-onirics\\\/\"]}]},{\"@type\":\"BreadcrumbList\",\"@id\":\"https:\\\/\\\/desdunsullsdedona.cat\\\/index.php\\\/galeria\\\/boscos-onirics\\\/#breadcrumb\",\"itemListElement\":[{\"@type\":\"ListItem\",\"position\":1,\"name\":\"Inici\",\"item\":\"https:\\\/\\\/desdunsullsdedona.cat\\\/\"},{\"@type\":\"ListItem\",\"position\":2,\"name\":\"Galeria\",\"item\":\"https:\\\/\\\/desdunsullsdedona.cat\\\/index.php\\\/galeria\\\/\"},{\"@type\":\"ListItem\",\"position\":3,\"name\":\"Boscos on\u00edrics\"}]},{\"@type\":\"WebSite\",\"@id\":\"https:\\\/\\\/desdunsullsdedona.cat\\\/#website\",\"url\":\"https:\\\/\\\/desdunsullsdedona.cat\\\/\",\"name\":\"Des d'uns ulls de dona\",\"description\":\"Fotografia\",\"publisher\":{\"@id\":\"https:\\\/\\\/desdunsullsdedona.cat\\\/#\\\/schema\\\/person\\\/196a83ba901a7db86e6a281e2bd6a27c\"},\"potentialAction\":[{\"@type\":\"SearchAction\",\"target\":{\"@type\":\"EntryPoint\",\"urlTemplate\":\"https:\\\/\\\/desdunsullsdedona.cat\\\/?s={search_term_string}\"},\"query-input\":{\"@type\":\"PropertyValueSpecification\",\"valueRequired\":true,\"valueName\":\"search_term_string\"}}],\"inLanguage\":\"ca\"},{\"@type\":[\"Person\",\"Organization\"],\"@id\":\"https:\\\/\\\/desdunsullsdedona.cat\\\/#\\\/schema\\\/person\\\/196a83ba901a7db86e6a281e2bd6a27c\",\"name\":\"Carme Gotsens Vila\",\"image\":{\"@type\":\"ImageObject\",\"inLanguage\":\"ca\",\"@id\":\"https:\\\/\\\/desdunsullsdedona.cat\\\/wp-content\\\/uploads\\\/2025\\\/01\\\/cropped-sa.webp\",\"url\":\"https:\\\/\\\/desdunsullsdedona.cat\\\/wp-content\\\/uploads\\\/2025\\\/01\\\/cropped-sa.webp\",\"contentUrl\":\"https:\\\/\\\/desdunsullsdedona.cat\\\/wp-content\\\/uploads\\\/2025\\\/01\\\/cropped-sa.webp\",\"width\":500,\"height\":119,\"caption\":\"Carme Gotsens Vila\"},\"logo\":{\"@id\":\"https:\\\/\\\/desdunsullsdedona.cat\\\/wp-content\\\/uploads\\\/2025\\\/01\\\/cropped-sa.webp\"},\"sameAs\":[\"https:\\\/\\\/desdunsullsdedona.cat\"]}]}<\/script>\n<!-- \/ Yoast SEO plugin. -->","yoast_head_json":{"title":"Boscos on\u00edrics - Carme Gotsens","robots":{"index":"index","follow":"follow","max-snippet":"max-snippet:-1","max-image-preview":"max-image-preview:large","max-video-preview":"max-video-preview:-1"},"canonical":"https:\/\/desdunsullsdedona.cat\/index.php\/galeria\/boscos-onirics\/","og_locale":"ca_ES","og_type":"article","og_title":"Boscos on\u00edrics - Carme Gotsens","og_description":"Boscos on\u00edrics Quan arriba la tardor, els boscos es transformen en escenaris de somni. Els colors esclaten i es fonen amb la llum.El vent hi escriu una dansa. Aquesta s\u00e8rie \u00e9s un viatge cap a la frontera entre all\u00f2 real i all\u00f2 imaginat. Els arbres esdevenen pinzellades, i el paisatge respira un misteri que convida ... Llegiu m\u00e9s","og_url":"https:\/\/desdunsullsdedona.cat\/index.php\/galeria\/boscos-onirics\/","og_site_name":"Carme Gotsens","article_modified_time":"2025-04-20T11:26:24+00:00","twitter_card":"summary_large_image","twitter_misc":{"Temps estimat de lectura":"1 minut"},"schema":{"@context":"https:\/\/schema.org","@graph":[{"@type":"WebPage","@id":"https:\/\/desdunsullsdedona.cat\/index.php\/galeria\/boscos-onirics\/","url":"https:\/\/desdunsullsdedona.cat\/index.php\/galeria\/boscos-onirics\/","name":"Boscos on\u00edrics - Carme Gotsens","isPartOf":{"@id":"https:\/\/desdunsullsdedona.cat\/#website"},"datePublished":"2020-04-30T16:55:56+00:00","dateModified":"2025-04-20T11:26:24+00:00","breadcrumb":{"@id":"https:\/\/desdunsullsdedona.cat\/index.php\/galeria\/boscos-onirics\/#breadcrumb"},"inLanguage":"ca","potentialAction":[{"@type":"ReadAction","target":["https:\/\/desdunsullsdedona.cat\/index.php\/galeria\/boscos-onirics\/"]}]},{"@type":"BreadcrumbList","@id":"https:\/\/desdunsullsdedona.cat\/index.php\/galeria\/boscos-onirics\/#breadcrumb","itemListElement":[{"@type":"ListItem","position":1,"name":"Inici","item":"https:\/\/desdunsullsdedona.cat\/"},{"@type":"ListItem","position":2,"name":"Galeria","item":"https:\/\/desdunsullsdedona.cat\/index.php\/galeria\/"},{"@type":"ListItem","position":3,"name":"Boscos on\u00edrics"}]},{"@type":"WebSite","@id":"https:\/\/desdunsullsdedona.cat\/#website","url":"https:\/\/desdunsullsdedona.cat\/","name":"Des d'uns ulls de dona","description":"Fotografia","publisher":{"@id":"https:\/\/desdunsullsdedona.cat\/#\/schema\/person\/196a83ba901a7db86e6a281e2bd6a27c"},"potentialAction":[{"@type":"SearchAction","target":{"@type":"EntryPoint","urlTemplate":"https:\/\/desdunsullsdedona.cat\/?s={search_term_string}"},"query-input":{"@type":"PropertyValueSpecification","valueRequired":true,"valueName":"search_term_string"}}],"inLanguage":"ca"},{"@type":["Person","Organization"],"@id":"https:\/\/desdunsullsdedona.cat\/#\/schema\/person\/196a83ba901a7db86e6a281e2bd6a27c","name":"Carme Gotsens Vila","image":{"@type":"ImageObject","inLanguage":"ca","@id":"https:\/\/desdunsullsdedona.cat\/wp-content\/uploads\/2025\/01\/cropped-sa.webp","url":"https:\/\/desdunsullsdedona.cat\/wp-content\/uploads\/2025\/01\/cropped-sa.webp","contentUrl":"https:\/\/desdunsullsdedona.cat\/wp-content\/uploads\/2025\/01\/cropped-sa.webp","width":500,"height":119,"caption":"Carme Gotsens Vila"},"logo":{"@id":"https:\/\/desdunsullsdedona.cat\/wp-content\/uploads\/2025\/01\/cropped-sa.webp"},"sameAs":["https:\/\/desdunsullsdedona.cat"]}]}},"_links":{"self":[{"href":"https:\/\/desdunsullsdedona.cat\/index.php\/wp-json\/wp\/v2\/pages\/1054","targetHints":{"allow":["GET"]}}],"collection":[{"href":"https:\/\/desdunsullsdedona.cat\/index.php\/wp-json\/wp\/v2\/pages"}],"about":[{"href":"https:\/\/desdunsullsdedona.cat\/index.php\/wp-json\/wp\/v2\/types\/page"}],"author":[{"embeddable":true,"href":"https:\/\/desdunsullsdedona.cat\/index.php\/wp-json\/wp\/v2\/users\/1"}],"replies":[{"embeddable":true,"href":"https:\/\/desdunsullsdedona.cat\/index.php\/wp-json\/wp\/v2\/comments?post=1054"}],"version-history":[{"count":0,"href":"https:\/\/desdunsullsdedona.cat\/index.php\/wp-json\/wp\/v2\/pages\/1054\/revisions"}],"up":[{"embeddable":true,"href":"https:\/\/desdunsullsdedona.cat\/index.php\/wp-json\/wp\/v2\/pages\/2580"}],"wp:attachment":[{"href":"https:\/\/desdunsullsdedona.cat\/index.php\/wp-json\/wp\/v2\/media?parent=1054"}],"curies":[{"name":"wp","href":"https:\/\/api.w.org\/{rel}","templated":true}]}}