{"id":1289,"date":"2021-11-20T20:49:06","date_gmt":"2021-11-20T20:49:06","guid":{"rendered":"https:\/\/desdunsullsdedona.cat\/?page_id=1289"},"modified":"2025-04-22T17:04:29","modified_gmt":"2025-04-22T17:04:29","slug":"fe-de-vida","status":"publish","type":"page","link":"https:\/\/desdunsullsdedona.cat\/index.php\/galeria\/fe-de-vida\/","title":{"rendered":"Fe de vida"},"content":{"rendered":"\t\t<div data-elementor-type=\"wp-page\" data-elementor-id=\"1289\" class=\"elementor elementor-1289\" data-elementor-post-type=\"page\">\n\t\t\t\t\t\t<section class=\"elementor-section elementor-top-section elementor-element elementor-element-ee2ec05 elementor-section-boxed elementor-section-height-default elementor-section-height-default\" data-id=\"ee2ec05\" data-element_type=\"section\" data-e-type=\"section\">\n\t\t\t\t\t\t<div class=\"elementor-container elementor-column-gap-default\">\n\t\t\t\t\t<div class=\"elementor-column elementor-col-100 elementor-top-column elementor-element elementor-element-538c8de\" data-id=\"538c8de\" data-element_type=\"column\" data-e-type=\"column\">\n\t\t\t<div class=\"elementor-widget-wrap elementor-element-populated\">\n\t\t\t\t\t\t<div class=\"elementor-element elementor-element-3e03d17a elementor-widget elementor-widget-heading\" data-id=\"3e03d17a\" data-element_type=\"widget\" data-e-type=\"widget\" data-widget_type=\"heading.default\">\n\t\t\t\t<div class=\"elementor-widget-container\">\n\t\t\t\t\t<h1 class=\"elementor-heading-title elementor-size-default\">Fe de vida<\/h1>\t\t\t\t<\/div>\n\t\t\t\t<\/div>\n\t\t\t\t\t<\/div>\n\t\t<\/div>\n\t\t\t\t\t<\/div>\n\t\t<\/section>\n\t\t\t\t<section class=\"elementor-section elementor-top-section elementor-element elementor-element-35cfc03 elementor-section-boxed elementor-section-height-default elementor-section-height-default\" data-id=\"35cfc03\" data-element_type=\"section\" data-e-type=\"section\">\n\t\t\t\t\t\t<div class=\"elementor-container elementor-column-gap-default\">\n\t\t\t\t\t<div class=\"elementor-column elementor-col-100 elementor-top-column elementor-element elementor-element-c447327\" data-id=\"c447327\" data-element_type=\"column\" data-e-type=\"column\">\n\t\t\t<div class=\"elementor-widget-wrap elementor-element-populated\">\n\t\t\t\t\t\t<div class=\"elementor-element elementor-element-1518af6 elementor-widget__width-initial elementor-widget elementor-widget-text-editor\" data-id=\"1518af6\" data-element_type=\"widget\" data-e-type=\"widget\" data-widget_type=\"text-editor.default\">\n\t\t\t\t<div class=\"elementor-widget-container\">\n\t\t\t\t\t\t\t\t\t<p class=\"p1\">S\u00f3n imatges que parlen de la resist\u00e8ncia subtil,\u00a0 de la llum que neix fins i tot en condicions adverses,<\/p><p class=\"p1\">del gest fr\u00e0gil de persistir.<\/p><p class=\"p1\">En aquesta s\u00e8rie m\u2019endinso en el poema de Jos\u00e9 Hierro que porta el mateix nom, per explorar les cicatrius que el dolor deixa en el cos, en la pell, en l\u2019\u00e0nima.<\/p><p class=\"p1\">Cada imatge \u00e9s un testimoni visual d\u2019aquest di\u00e0leg entre la fragilitat i la resist\u00e8ncia, entre la ferida i la cura.<\/p><p class=\"p1\">Les textures i formes esdevenen met\u00e0fores del moment en qu\u00e8 la vida ens prova, per\u00f2 tamb\u00e9 ens reafirma.<\/p><p class=\"p1\">Perqu\u00e8, com diu Hierro, al final tot \u00e9s <b>\u201cfe de vida\u201d<\/b>: la constataci\u00f3 que hem viscut, estimat, plorat i sobreviscut.<\/p>\t\t\t\t\t\t\t\t<\/div>\n\t\t\t\t<\/div>\n\t\t\t\t<div class=\"elementor-element elementor-element-216ef47 elementor-widget elementor-widget-spacer\" data-id=\"216ef47\" data-element_type=\"widget\" data-e-type=\"widget\" data-widget_type=\"spacer.default\">\n\t\t\t\t<div class=\"elementor-widget-container\">\n\t\t\t\t\t\t\t<div class=\"elementor-spacer\">\n\t\t\t<div class=\"elementor-spacer-inner\"><\/div>\n\t\t<\/div>\n\t\t\t\t\t\t<\/div>\n\t\t\t\t<\/div>\n\t\t\t\t<div class=\"elementor-element elementor-element-619cf7e elementor--h-position-center elementor--v-position-middle elementor-arrows-position-inside elementor-pagination-position-inside elementor-widget elementor-widget-slides\" data-id=\"619cf7e\" data-element_type=\"widget\" data-e-type=\"widget\" data-settings=\"{&quot;navigation&quot;:&quot;both&quot;,&quot;autoplay&quot;:&quot;yes&quot;,&quot;pause_on_hover&quot;:&quot;yes&quot;,&quot;pause_on_interaction&quot;:&quot;yes&quot;,&quot;autoplay_speed&quot;:5000,&quot;infinite&quot;:&quot;yes&quot;,&quot;transition&quot;:&quot;slide&quot;,&quot;transition_speed&quot;:500}\" data-widget_type=\"slides.default\">\n\t\t\t\t<div class=\"elementor-widget-container\">\n\t\t\t\t\t\t\t\t\t<div class=\"elementor-swiper\">\n\t\t\t\t\t<div class=\"elementor-slides-wrapper elementor-main-swiper swiper\" role=\"region\" aria-roledescription=\"carousel\" aria-label=\"Diapositives\" dir=\"ltr\" data-animation=\"fadeInUp\">\n\t\t\t\t<div class=\"swiper-wrapper elementor-slides\">\n\t\t\t\t\t\t\t\t\t\t<div class=\"elementor-repeater-item-377ce51 swiper-slide\" role=\"group\" aria-roledescription=\"slide\"><div class=\"swiper-slide-bg\" role=\"img\" aria-label=\"Panxa d\u2019una dona amb esquerdes daurades sobre la pell\"><\/div><div class=\"swiper-slide-inner\" ><div class=\"swiper-slide-contents\"><\/div><\/div><\/div><div class=\"elementor-repeater-item-4b30563 swiper-slide\" role=\"group\" aria-roledescription=\"slide\"><div class=\"swiper-slide-bg\" role=\"img\" aria-label=\"Esquena d\u2019una dona amb esquerdes sobre la pell, assegut i amb el cap recolzat\"><\/div><div class=\"swiper-slide-inner\" ><div class=\"swiper-slide-contents\"><\/div><\/div><\/div><div class=\"elementor-repeater-item-ce30127 swiper-slide\" role=\"group\" aria-roledescription=\"slide\"><div class=\"swiper-slide-bg\" role=\"img\" aria-label=\"Pit de dona amb textura de paret esquerdada i pl\u00e0stic\"><\/div><div class=\"swiper-slide-inner\" ><div class=\"swiper-slide-contents\"><\/div><\/div><\/div><div class=\"elementor-repeater-item-9304843 swiper-slide\" role=\"group\" aria-roledescription=\"slide\"><div class=\"swiper-slide-bg\" role=\"img\" aria-label=\"Cos de dona en moviment amb fons negre\"><\/div><div class=\"swiper-slide-inner\" ><div class=\"swiper-slide-contents\"><\/div><\/div><\/div><div class=\"elementor-repeater-item-c9c703a swiper-slide\" role=\"group\" aria-roledescription=\"slide\"><div class=\"swiper-slide-bg\" role=\"img\" aria-label=\"Dona d\u2019esquena amb la m\u00e0 al cap i la pell esquerdada\"><\/div><div class=\"swiper-slide-inner\" ><div class=\"swiper-slide-contents\"><\/div><\/div><\/div>\t\t\t\t<\/div>\n\t\t\t\t\t\t\t\t\t\t\t\t\t\t\t<div class=\"elementor-swiper-button elementor-swiper-button-prev\" role=\"button\" tabindex=\"0\" aria-label=\"Previous slide\">\n\t\t\t\t\t\t\t<i aria-hidden=\"true\" class=\"eicon-chevron-left\"><\/i>\t\t\t\t\t\t<\/div>\n\t\t\t\t\t\t<div class=\"elementor-swiper-button elementor-swiper-button-next\" role=\"button\" tabindex=\"0\" aria-label=\"Next slide\">\n\t\t\t\t\t\t\t<i aria-hidden=\"true\" class=\"eicon-chevron-right\"><\/i>\t\t\t\t\t\t<\/div>\n\t\t\t\t\t\t\t\t\t\t\t\t\t\t\t\t<div class=\"swiper-pagination\"><\/div>\n\t\t\t\t\t\t\t\t\t\t\t\t<\/div>\n\t\t\t\t<\/div>\n\t\t\t\t\t\t\t\t<\/div>\n\t\t\t\t<\/div>\n\t\t\t\t\t<\/div>\n\t\t<\/div>\n\t\t\t\t\t<\/div>\n\t\t<\/section>\n\t\t\t\t<section class=\"elementor-section elementor-top-section elementor-element elementor-element-7c800cd elementor-section-boxed elementor-section-height-default elementor-section-height-default\" data-id=\"7c800cd\" data-element_type=\"section\" data-e-type=\"section\">\n\t\t\t\t\t\t<div class=\"elementor-container elementor-column-gap-default\">\n\t\t\t\t\t<div class=\"elementor-column elementor-col-100 elementor-top-column elementor-element elementor-element-af88a9c\" data-id=\"af88a9c\" data-element_type=\"column\" data-e-type=\"column\">\n\t\t\t<div class=\"elementor-widget-wrap elementor-element-populated\">\n\t\t\t\t\t\t<div class=\"elementor-element elementor-element-28fc42e elementor-widget elementor-widget-spacer\" data-id=\"28fc42e\" data-element_type=\"widget\" data-e-type=\"widget\" data-widget_type=\"spacer.default\">\n\t\t\t\t<div class=\"elementor-widget-container\">\n\t\t\t\t\t\t\t<div class=\"elementor-spacer\">\n\t\t\t<div class=\"elementor-spacer-inner\"><\/div>\n\t\t<\/div>\n\t\t\t\t\t\t<\/div>\n\t\t\t\t<\/div>\n\t\t\t\t\t<\/div>\n\t\t<\/div>\n\t\t\t\t\t<\/div>\n\t\t<\/section>\n\t\t\t\t<section class=\"elementor-section elementor-top-section elementor-element elementor-element-7cb1f65 elementor-section-boxed elementor-section-height-default elementor-section-height-default\" data-id=\"7cb1f65\" data-element_type=\"section\" data-e-type=\"section\">\n\t\t\t\t\t\t<div class=\"elementor-container elementor-column-gap-default\">\n\t\t\t\t\t<div class=\"elementor-column elementor-col-100 elementor-top-column elementor-element elementor-element-e7483e9\" data-id=\"e7483e9\" data-element_type=\"column\" data-e-type=\"column\">\n\t\t\t<div class=\"elementor-widget-wrap elementor-element-populated\">\n\t\t\t\t\t\t<div class=\"elementor-element elementor-element-3289a58 elementor-widget elementor-widget-text-editor\" data-id=\"3289a58\" data-element_type=\"widget\" data-e-type=\"widget\" data-widget_type=\"text-editor.default\">\n\t\t\t\t<div class=\"elementor-widget-container\">\n\t\t\t\t\t\t\t\t\t<p class=\"p1\"><i>Fe de vida<\/i> \u00e9s una s\u00e8rie fotogr\u00e0fica de Carme Gotsens Vila inspirada en el poema de Jos\u00e9 Hierro. A trav\u00e9s d\u2019imatges de textures, formes i mat\u00e8ries, la s\u00e8rie reflecteix la resist\u00e8ncia \u00edntima, la fragilitat i la capacitat de persistir davant l\u2019adversitat. Cada fotografia \u00e9s un s\u00edmbol de la mem\u00f2ria del dolor i tamb\u00e9 de la for\u00e7a per continuar. Una proposta de fotografia art\u00edstica profunda i emocional, on la llum i el gest visual esdevenen testimonis del fet de viure.<\/p>\t\t\t\t\t\t\t\t<\/div>\n\t\t\t\t<\/div>\n\t\t\t\t\t<\/div>\n\t\t<\/div>\n\t\t\t\t\t<\/div>\n\t\t<\/section>\n\t\t\t\t<section class=\"elementor-section elementor-top-section elementor-element elementor-element-3d3effa elementor-section-boxed elementor-section-height-default elementor-section-height-default\" data-id=\"3d3effa\" data-element_type=\"section\" data-e-type=\"section\">\n\t\t\t\t\t\t<div class=\"elementor-container elementor-column-gap-default\">\n\t\t\t\t\t<div class=\"elementor-column elementor-col-100 elementor-top-column elementor-element elementor-element-81f9072\" data-id=\"81f9072\" data-element_type=\"column\" data-e-type=\"column\">\n\t\t\t<div class=\"elementor-widget-wrap\">\n\t\t\t\t\t\t\t<\/div>\n\t\t<\/div>\n\t\t\t\t\t<\/div>\n\t\t<\/section>\n\t\t\t\t<\/div>\n\t\t","protected":false},"excerpt":{"rendered":"<p>Fe de vida S\u00f3n imatges que parlen de la resist\u00e8ncia subtil,\u00a0 de la llum que neix fins i tot en condicions adverses, del gest fr\u00e0gil de persistir. En aquesta s\u00e8rie m\u2019endinso en el poema de Jos\u00e9 Hierro que porta el mateix nom, per explorar les cicatrius que el dolor deixa en el cos, en la &#8230; <a title=\"Fe de vida\" class=\"read-more\" href=\"https:\/\/desdunsullsdedona.cat\/index.php\/galeria\/fe-de-vida\/\" aria-label=\"M\u00e9s informaci\u00f3 sobre Fe de vida\">Llegiu m\u00e9s<\/a><\/p>\n","protected":false},"author":1,"featured_media":0,"parent":2580,"menu_order":0,"comment_status":"closed","ping_status":"closed","template":"","meta":{"footnotes":""},"class_list":["post-1289","page","type-page","status-publish"],"yoast_head":"<!-- This site is optimized with the Yoast SEO plugin v27.5 - https:\/\/yoast.com\/product\/yoast-seo-wordpress\/ -->\n<title>Fe de vida - Carme Gotsens Fe de vida| Fotograf\u00eda po\u00e8tica de resil\u00e8ncia - Gotsens<\/title>\n<meta name=\"description\" content=\"S\u00e8rie de fotografa po\u00e8tica que parla de la vida i de la resist\u00e8ncia. Imatges \u00edntimes, suaus i gr\u00e0gils, plenes de llum i simbolisme\" \/>\n<meta name=\"robots\" content=\"index, follow, max-snippet:-1, max-image-preview:large, max-video-preview:-1\" \/>\n<link rel=\"canonical\" href=\"https:\/\/desdunsullsdedona.cat\/index.php\/galeria\/fe-de-vida\/\" \/>\n<meta property=\"og:locale\" content=\"ca_ES\" \/>\n<meta property=\"og:type\" content=\"article\" \/>\n<meta property=\"og:title\" content=\"Fe de vida - Carme Gotsens Fe de vida| Fotograf\u00eda po\u00e8tica de resil\u00e8ncia - Gotsens\" \/>\n<meta property=\"og:description\" content=\"S\u00e8rie de fotografa po\u00e8tica que parla de la vida i de la resist\u00e8ncia. Imatges \u00edntimes, suaus i gr\u00e0gils, plenes de llum i simbolisme\" \/>\n<meta property=\"og:url\" content=\"https:\/\/desdunsullsdedona.cat\/index.php\/galeria\/fe-de-vida\/\" \/>\n<meta property=\"og:site_name\" content=\"Carme Gotsens\" \/>\n<meta property=\"article:modified_time\" content=\"2025-04-22T17:04:29+00:00\" \/>\n<meta name=\"twitter:card\" content=\"summary_large_image\" \/>\n<meta name=\"twitter:label1\" content=\"Temps estimat de lectura\" \/>\n\t<meta name=\"twitter:data1\" content=\"2 minuts\" \/>\n<script type=\"application\/ld+json\" class=\"yoast-schema-graph\">{\"@context\":\"https:\\\/\\\/schema.org\",\"@graph\":[{\"@type\":\"WebPage\",\"@id\":\"https:\\\/\\\/desdunsullsdedona.cat\\\/index.php\\\/galeria\\\/fe-de-vida\\\/\",\"url\":\"https:\\\/\\\/desdunsullsdedona.cat\\\/index.php\\\/galeria\\\/fe-de-vida\\\/\",\"name\":\"Fe de vida - Carme Gotsens Fe de vida| Fotograf\u00eda po\u00e8tica de resil\u00e8ncia - Gotsens\",\"isPartOf\":{\"@id\":\"https:\\\/\\\/desdunsullsdedona.cat\\\/#website\"},\"datePublished\":\"2021-11-20T20:49:06+00:00\",\"dateModified\":\"2025-04-22T17:04:29+00:00\",\"description\":\"S\u00e8rie de fotografa po\u00e8tica que parla de la vida i de la resist\u00e8ncia. Imatges \u00edntimes, suaus i gr\u00e0gils, plenes de llum i simbolisme\",\"breadcrumb\":{\"@id\":\"https:\\\/\\\/desdunsullsdedona.cat\\\/index.php\\\/galeria\\\/fe-de-vida\\\/#breadcrumb\"},\"inLanguage\":\"ca\",\"potentialAction\":[{\"@type\":\"ReadAction\",\"target\":[\"https:\\\/\\\/desdunsullsdedona.cat\\\/index.php\\\/galeria\\\/fe-de-vida\\\/\"]}]},{\"@type\":\"BreadcrumbList\",\"@id\":\"https:\\\/\\\/desdunsullsdedona.cat\\\/index.php\\\/galeria\\\/fe-de-vida\\\/#breadcrumb\",\"itemListElement\":[{\"@type\":\"ListItem\",\"position\":1,\"name\":\"Inici\",\"item\":\"https:\\\/\\\/desdunsullsdedona.cat\\\/\"},{\"@type\":\"ListItem\",\"position\":2,\"name\":\"Galeria\",\"item\":\"https:\\\/\\\/desdunsullsdedona.cat\\\/index.php\\\/galeria\\\/\"},{\"@type\":\"ListItem\",\"position\":3,\"name\":\"Fe de vida\"}]},{\"@type\":\"WebSite\",\"@id\":\"https:\\\/\\\/desdunsullsdedona.cat\\\/#website\",\"url\":\"https:\\\/\\\/desdunsullsdedona.cat\\\/\",\"name\":\"Des d'uns ulls de dona\",\"description\":\"Fotografia\",\"publisher\":{\"@id\":\"https:\\\/\\\/desdunsullsdedona.cat\\\/#\\\/schema\\\/person\\\/196a83ba901a7db86e6a281e2bd6a27c\"},\"potentialAction\":[{\"@type\":\"SearchAction\",\"target\":{\"@type\":\"EntryPoint\",\"urlTemplate\":\"https:\\\/\\\/desdunsullsdedona.cat\\\/?s={search_term_string}\"},\"query-input\":{\"@type\":\"PropertyValueSpecification\",\"valueRequired\":true,\"valueName\":\"search_term_string\"}}],\"inLanguage\":\"ca\"},{\"@type\":[\"Person\",\"Organization\"],\"@id\":\"https:\\\/\\\/desdunsullsdedona.cat\\\/#\\\/schema\\\/person\\\/196a83ba901a7db86e6a281e2bd6a27c\",\"name\":\"Carme Gotsens Vila\",\"image\":{\"@type\":\"ImageObject\",\"inLanguage\":\"ca\",\"@id\":\"https:\\\/\\\/desdunsullsdedona.cat\\\/wp-content\\\/uploads\\\/2025\\\/01\\\/cropped-sa.webp\",\"url\":\"https:\\\/\\\/desdunsullsdedona.cat\\\/wp-content\\\/uploads\\\/2025\\\/01\\\/cropped-sa.webp\",\"contentUrl\":\"https:\\\/\\\/desdunsullsdedona.cat\\\/wp-content\\\/uploads\\\/2025\\\/01\\\/cropped-sa.webp\",\"width\":500,\"height\":119,\"caption\":\"Carme Gotsens Vila\"},\"logo\":{\"@id\":\"https:\\\/\\\/desdunsullsdedona.cat\\\/wp-content\\\/uploads\\\/2025\\\/01\\\/cropped-sa.webp\"},\"sameAs\":[\"https:\\\/\\\/desdunsullsdedona.cat\"]}]}<\/script>\n<!-- \/ Yoast SEO plugin. -->","yoast_head_json":{"title":"Fe de vida - Carme Gotsens Fe de vida| Fotograf\u00eda po\u00e8tica de resil\u00e8ncia - Gotsens","description":"S\u00e8rie de fotografa po\u00e8tica que parla de la vida i de la resist\u00e8ncia. Imatges \u00edntimes, suaus i gr\u00e0gils, plenes de llum i simbolisme","robots":{"index":"index","follow":"follow","max-snippet":"max-snippet:-1","max-image-preview":"max-image-preview:large","max-video-preview":"max-video-preview:-1"},"canonical":"https:\/\/desdunsullsdedona.cat\/index.php\/galeria\/fe-de-vida\/","og_locale":"ca_ES","og_type":"article","og_title":"Fe de vida - Carme Gotsens Fe de vida| Fotograf\u00eda po\u00e8tica de resil\u00e8ncia - Gotsens","og_description":"S\u00e8rie de fotografa po\u00e8tica que parla de la vida i de la resist\u00e8ncia. Imatges \u00edntimes, suaus i gr\u00e0gils, plenes de llum i simbolisme","og_url":"https:\/\/desdunsullsdedona.cat\/index.php\/galeria\/fe-de-vida\/","og_site_name":"Carme Gotsens","article_modified_time":"2025-04-22T17:04:29+00:00","twitter_card":"summary_large_image","twitter_misc":{"Temps estimat de lectura":"2 minuts"},"schema":{"@context":"https:\/\/schema.org","@graph":[{"@type":"WebPage","@id":"https:\/\/desdunsullsdedona.cat\/index.php\/galeria\/fe-de-vida\/","url":"https:\/\/desdunsullsdedona.cat\/index.php\/galeria\/fe-de-vida\/","name":"Fe de vida - Carme Gotsens Fe de vida| Fotograf\u00eda po\u00e8tica de resil\u00e8ncia - Gotsens","isPartOf":{"@id":"https:\/\/desdunsullsdedona.cat\/#website"},"datePublished":"2021-11-20T20:49:06+00:00","dateModified":"2025-04-22T17:04:29+00:00","description":"S\u00e8rie de fotografa po\u00e8tica que parla de la vida i de la resist\u00e8ncia. Imatges \u00edntimes, suaus i gr\u00e0gils, plenes de llum i simbolisme","breadcrumb":{"@id":"https:\/\/desdunsullsdedona.cat\/index.php\/galeria\/fe-de-vida\/#breadcrumb"},"inLanguage":"ca","potentialAction":[{"@type":"ReadAction","target":["https:\/\/desdunsullsdedona.cat\/index.php\/galeria\/fe-de-vida\/"]}]},{"@type":"BreadcrumbList","@id":"https:\/\/desdunsullsdedona.cat\/index.php\/galeria\/fe-de-vida\/#breadcrumb","itemListElement":[{"@type":"ListItem","position":1,"name":"Inici","item":"https:\/\/desdunsullsdedona.cat\/"},{"@type":"ListItem","position":2,"name":"Galeria","item":"https:\/\/desdunsullsdedona.cat\/index.php\/galeria\/"},{"@type":"ListItem","position":3,"name":"Fe de vida"}]},{"@type":"WebSite","@id":"https:\/\/desdunsullsdedona.cat\/#website","url":"https:\/\/desdunsullsdedona.cat\/","name":"Des d'uns ulls de dona","description":"Fotografia","publisher":{"@id":"https:\/\/desdunsullsdedona.cat\/#\/schema\/person\/196a83ba901a7db86e6a281e2bd6a27c"},"potentialAction":[{"@type":"SearchAction","target":{"@type":"EntryPoint","urlTemplate":"https:\/\/desdunsullsdedona.cat\/?s={search_term_string}"},"query-input":{"@type":"PropertyValueSpecification","valueRequired":true,"valueName":"search_term_string"}}],"inLanguage":"ca"},{"@type":["Person","Organization"],"@id":"https:\/\/desdunsullsdedona.cat\/#\/schema\/person\/196a83ba901a7db86e6a281e2bd6a27c","name":"Carme Gotsens Vila","image":{"@type":"ImageObject","inLanguage":"ca","@id":"https:\/\/desdunsullsdedona.cat\/wp-content\/uploads\/2025\/01\/cropped-sa.webp","url":"https:\/\/desdunsullsdedona.cat\/wp-content\/uploads\/2025\/01\/cropped-sa.webp","contentUrl":"https:\/\/desdunsullsdedona.cat\/wp-content\/uploads\/2025\/01\/cropped-sa.webp","width":500,"height":119,"caption":"Carme Gotsens Vila"},"logo":{"@id":"https:\/\/desdunsullsdedona.cat\/wp-content\/uploads\/2025\/01\/cropped-sa.webp"},"sameAs":["https:\/\/desdunsullsdedona.cat"]}]}},"_links":{"self":[{"href":"https:\/\/desdunsullsdedona.cat\/index.php\/wp-json\/wp\/v2\/pages\/1289","targetHints":{"allow":["GET"]}}],"collection":[{"href":"https:\/\/desdunsullsdedona.cat\/index.php\/wp-json\/wp\/v2\/pages"}],"about":[{"href":"https:\/\/desdunsullsdedona.cat\/index.php\/wp-json\/wp\/v2\/types\/page"}],"author":[{"embeddable":true,"href":"https:\/\/desdunsullsdedona.cat\/index.php\/wp-json\/wp\/v2\/users\/1"}],"replies":[{"embeddable":true,"href":"https:\/\/desdunsullsdedona.cat\/index.php\/wp-json\/wp\/v2\/comments?post=1289"}],"version-history":[{"count":0,"href":"https:\/\/desdunsullsdedona.cat\/index.php\/wp-json\/wp\/v2\/pages\/1289\/revisions"}],"up":[{"embeddable":true,"href":"https:\/\/desdunsullsdedona.cat\/index.php\/wp-json\/wp\/v2\/pages\/2580"}],"wp:attachment":[{"href":"https:\/\/desdunsullsdedona.cat\/index.php\/wp-json\/wp\/v2\/media?parent=1289"}],"curies":[{"name":"wp","href":"https:\/\/api.w.org\/{rel}","templated":true}]}}