{"id":1403,"date":"2021-11-26T09:08:23","date_gmt":"2021-11-26T09:08:23","guid":{"rendered":"https:\/\/desdunsullsdedona.cat\/?page_id=1403"},"modified":"2025-04-22T16:46:52","modified_gmt":"2025-04-22T16:46:52","slug":"efimeres","status":"publish","type":"page","link":"https:\/\/desdunsullsdedona.cat\/index.php\/galeria\/efimeres\/","title":{"rendered":"Ef\u00edmeres"},"content":{"rendered":"\t\t<div data-elementor-type=\"wp-page\" data-elementor-id=\"1403\" class=\"elementor elementor-1403\" data-elementor-post-type=\"page\">\n\t\t\t\t\t\t<section class=\"elementor-section elementor-top-section elementor-element elementor-element-05ed1c7 elementor-section-boxed elementor-section-height-default elementor-section-height-default\" data-id=\"05ed1c7\" data-element_type=\"section\" data-e-type=\"section\">\n\t\t\t\t\t\t<div class=\"elementor-container elementor-column-gap-default\">\n\t\t\t\t\t<div class=\"elementor-column elementor-col-100 elementor-top-column elementor-element elementor-element-d61b176\" data-id=\"d61b176\" data-element_type=\"column\" data-e-type=\"column\">\n\t\t\t<div class=\"elementor-widget-wrap elementor-element-populated\">\n\t\t\t\t\t\t\t<\/div>\n\t\t<\/div>\n\t\t\t\t\t<\/div>\n\t\t<\/section>\n\t\t\t\t<section class=\"elementor-section elementor-top-section elementor-element elementor-element-2f095e3 elementor-section-height-min-height elementor-section-boxed elementor-section-height-default elementor-section-items-middle\" data-id=\"2f095e3\" data-element_type=\"section\" data-e-type=\"section\">\n\t\t\t\t\t\t<div class=\"elementor-container elementor-column-gap-default\">\n\t\t\t\t\t<div class=\"elementor-column elementor-col-100 elementor-top-column elementor-element elementor-element-d0120e0\" data-id=\"d0120e0\" data-element_type=\"column\" data-e-type=\"column\">\n\t\t\t<div class=\"elementor-widget-wrap elementor-element-populated\">\n\t\t\t\t\t\t<div class=\"elementor-element elementor-element-6bd65062 elementor-widget__width-initial elementor-widget elementor-widget-text-editor\" data-id=\"6bd65062\" data-element_type=\"widget\" data-e-type=\"widget\" data-widget_type=\"text-editor.default\">\n\t\t\t\t<div class=\"elementor-widget-container\">\n\t\t\t\t\t\t\t\t\t<p class=\"p1\">\u00a0<\/p><p class=\"p1\">Neixen, brillen un instant, i desapareixen.<\/p><p class=\"p1\">Les ef\u00edmeres habiten el l\u00edmit: entre el que \u00e9s i el que ja no ser\u00e0.<\/p><p class=\"p1\">Aquestes imatges s\u00f3n homenatge a all\u00f2 que viu poc, per\u00f2 intensament.<\/p><p class=\"p2\">Com una espurna, com una flor que nom\u00e9s es mostra un dia.<\/p>\t\t\t\t\t\t\t\t<\/div>\n\t\t\t\t<\/div>\n\t\t\t\t\t<\/div>\n\t\t<\/div>\n\t\t\t\t\t<\/div>\n\t\t<\/section>\n\t\t\t\t<section class=\"elementor-section elementor-top-section elementor-element elementor-element-5e836eec elementor-section-height-min-height elementor-section-boxed elementor-section-height-default elementor-section-items-middle\" data-id=\"5e836eec\" data-element_type=\"section\" data-e-type=\"section\">\n\t\t\t\t\t\t<div class=\"elementor-container elementor-column-gap-default\">\n\t\t\t\t\t<div class=\"elementor-column elementor-col-100 elementor-top-column elementor-element elementor-element-6661cd5e\" data-id=\"6661cd5e\" data-element_type=\"column\" data-e-type=\"column\">\n\t\t\t<div class=\"elementor-widget-wrap elementor-element-populated\">\n\t\t\t\t\t\t<div class=\"elementor-element elementor-element-6bb6985 elementor-widget__width-initial elementor--h-position-center elementor--v-position-middle elementor-arrows-position-inside elementor-pagination-position-inside elementor-widget elementor-widget-slides\" data-id=\"6bb6985\" data-element_type=\"widget\" data-e-type=\"widget\" data-settings=\"{&quot;navigation&quot;:&quot;both&quot;,&quot;autoplay&quot;:&quot;yes&quot;,&quot;pause_on_hover&quot;:&quot;yes&quot;,&quot;pause_on_interaction&quot;:&quot;yes&quot;,&quot;autoplay_speed&quot;:5000,&quot;infinite&quot;:&quot;yes&quot;,&quot;transition&quot;:&quot;slide&quot;,&quot;transition_speed&quot;:500}\" data-widget_type=\"slides.default\">\n\t\t\t\t<div class=\"elementor-widget-container\">\n\t\t\t\t\t\t\t\t\t<div class=\"elementor-swiper\">\n\t\t\t\t\t<div class=\"elementor-slides-wrapper elementor-main-swiper swiper\" role=\"region\" aria-roledescription=\"carousel\" aria-label=\"Diapositives\" dir=\"ltr\" data-animation=\"fadeInUp\">\n\t\t\t\t<div class=\"swiper-wrapper elementor-slides\">\n\t\t\t\t\t\t\t\t\t\t<div class=\"elementor-repeater-item-e04ab31 swiper-slide\" role=\"group\" aria-roledescription=\"slide\"><div class=\"swiper-slide-bg\" role=\"img\" aria-label=\"Flor atrapada dins del gel, suspesa en una transpar\u00e8ncia g\u00e8lida\"><\/div><div class=\"swiper-slide-inner\" ><div class=\"swiper-slide-contents\"><\/div><\/div><\/div><div class=\"elementor-repeater-item-45137b9 swiper-slide\" role=\"group\" aria-roledescription=\"slide\"><div class=\"swiper-slide-bg\" role=\"img\" aria-label=\"ulipa submergida en aigua, envoltada de bombolles.\"><\/div><div class=\"swiper-slide-inner\" ><div class=\"swiper-slide-contents\"><\/div><\/div><\/div><div class=\"elementor-repeater-item-6b46af9 swiper-slide\" role=\"group\" aria-roledescription=\"slide\"><div class=\"swiper-slide-bg\" role=\"img\" aria-label=\"Flor rosa embolcallada en aigua, pl\u00e0stic i gotes.\"><\/div><div class=\"swiper-slide-inner\" ><div class=\"swiper-slide-contents\"><\/div><\/div><\/div><div class=\"elementor-repeater-item-db55d3c swiper-slide\" role=\"group\" aria-roledescription=\"slide\"><div class=\"swiper-slide-bg\" role=\"img\" aria-label=\"ulipa embolcallada, atrapada entre l\u00ednies d\u2019aigua.\"><\/div><div class=\"swiper-slide-inner\" ><div class=\"swiper-slide-contents\"><\/div><\/div><\/div><div class=\"elementor-repeater-item-ab8f61d swiper-slide\" role=\"group\" aria-roledescription=\"slide\"><div class=\"swiper-slide-bg\" role=\"img\" aria-label=\"Petites flors roses congelades dins del gel.\"><\/div><div class=\"elementor-background-overlay\"><\/div><div class=\"swiper-slide-inner\" ><div class=\"swiper-slide-contents\"><\/div><\/div><\/div>\t\t\t\t<\/div>\n\t\t\t\t\t\t\t\t\t\t\t\t\t\t\t<div class=\"elementor-swiper-button elementor-swiper-button-prev\" role=\"button\" tabindex=\"0\" aria-label=\"Previous slide\">\n\t\t\t\t\t\t\t<i aria-hidden=\"true\" class=\"eicon-chevron-left\"><\/i>\t\t\t\t\t\t<\/div>\n\t\t\t\t\t\t<div class=\"elementor-swiper-button elementor-swiper-button-next\" role=\"button\" tabindex=\"0\" aria-label=\"Next slide\">\n\t\t\t\t\t\t\t<i aria-hidden=\"true\" class=\"eicon-chevron-right\"><\/i>\t\t\t\t\t\t<\/div>\n\t\t\t\t\t\t\t\t\t\t\t\t\t\t\t\t<div class=\"swiper-pagination\"><\/div>\n\t\t\t\t\t\t\t\t\t\t\t\t<\/div>\n\t\t\t\t<\/div>\n\t\t\t\t\t\t\t\t<\/div>\n\t\t\t\t<\/div>\n\t\t\t\t\t<\/div>\n\t\t<\/div>\n\t\t\t\t\t<\/div>\n\t\t<\/section>\n\t\t\t\t<section class=\"elementor-section elementor-top-section elementor-element elementor-element-f60f587 elementor-section-boxed elementor-section-height-default elementor-section-height-default\" data-id=\"f60f587\" data-element_type=\"section\" data-e-type=\"section\">\n\t\t\t\t\t\t<div class=\"elementor-container elementor-column-gap-default\">\n\t\t\t\t\t<div class=\"elementor-column elementor-col-100 elementor-top-column elementor-element elementor-element-4f826f4\" data-id=\"4f826f4\" data-element_type=\"column\" data-e-type=\"column\">\n\t\t\t<div class=\"elementor-widget-wrap elementor-element-populated\">\n\t\t\t\t\t\t<div class=\"elementor-element elementor-element-f5496f7 elementor-widget elementor-widget-spacer\" data-id=\"f5496f7\" data-element_type=\"widget\" data-e-type=\"widget\" data-widget_type=\"spacer.default\">\n\t\t\t\t<div class=\"elementor-widget-container\">\n\t\t\t\t\t\t\t<div class=\"elementor-spacer\">\n\t\t\t<div class=\"elementor-spacer-inner\"><\/div>\n\t\t<\/div>\n\t\t\t\t\t\t<\/div>\n\t\t\t\t<\/div>\n\t\t\t\t\t<\/div>\n\t\t<\/div>\n\t\t\t\t\t<\/div>\n\t\t<\/section>\n\t\t\t\t<section class=\"elementor-section elementor-top-section elementor-element elementor-element-c8bc6c4 elementor-section-boxed elementor-section-height-default elementor-section-height-default\" data-id=\"c8bc6c4\" data-element_type=\"section\" data-e-type=\"section\">\n\t\t\t\t\t\t<div class=\"elementor-container elementor-column-gap-default\">\n\t\t\t\t\t<div class=\"elementor-column elementor-col-100 elementor-top-column elementor-element elementor-element-c9a99be\" data-id=\"c9a99be\" data-element_type=\"column\" data-e-type=\"column\">\n\t\t\t<div class=\"elementor-widget-wrap elementor-element-populated\">\n\t\t\t\t\t\t<div class=\"elementor-element elementor-element-9ea1380 elementor-widget elementor-widget-text-editor\" data-id=\"9ea1380\" data-element_type=\"widget\" data-e-type=\"widget\" data-widget_type=\"text-editor.default\">\n\t\t\t\t<div class=\"elementor-widget-container\">\n\t\t\t\t\t\t\t\t\t<p class=\"p1\"><i>Ef\u00edmeres<\/i> \u00e9s una s\u00e8rie de Carme Gotsens Vila dedicada a capturar la bellesa breu i delicada d\u2019elements naturals i escenes que desapareixen r\u00e0pidament. Amb una mirada po\u00e8tica i pausada, les fotografies reflecteixen la fragilitat del temps i l\u2019instant. Una proposta de fotografia art\u00edstica que convida a valorar l\u2019ef\u00edmer com a forma de plenitud.<\/p>\t\t\t\t\t\t\t\t<\/div>\n\t\t\t\t<\/div>\n\t\t\t\t\t<\/div>\n\t\t<\/div>\n\t\t\t\t\t<\/div>\n\t\t<\/section>\n\t\t\t\t<\/div>\n\t\t","protected":false},"excerpt":{"rendered":"<p>\u00a0 Neixen, brillen un instant, i desapareixen. Les ef\u00edmeres habiten el l\u00edmit: entre el que \u00e9s i el que ja no ser\u00e0. Aquestes imatges s\u00f3n homenatge a all\u00f2 que viu poc, per\u00f2 intensament. Com una espurna, com una flor que nom\u00e9s es mostra un dia. Ef\u00edmeres \u00e9s una s\u00e8rie de Carme Gotsens Vila dedicada a &#8230; <a title=\"Ef\u00edmeres\" class=\"read-more\" href=\"https:\/\/desdunsullsdedona.cat\/index.php\/galeria\/efimeres\/\" aria-label=\"M\u00e9s informaci\u00f3 sobre Ef\u00edmeres\">Llegiu m\u00e9s<\/a><\/p>\n","protected":false},"author":1,"featured_media":0,"parent":2580,"menu_order":0,"comment_status":"closed","ping_status":"closed","template":"","meta":{"footnotes":""},"class_list":["post-1403","page","type-page","status-publish"],"yoast_head":"<!-- This site is optimized with the Yoast SEO plugin v27.5 - https:\/\/yoast.com\/product\/yoast-seo-wordpress\/ -->\n<title>Ef\u00edmeres - Carme Gotsens Ef\u00edmeres | fotograf\u00eda ef\u00edmera art\u00edstica - Carme Gotsens<\/title>\n<meta name=\"description\" content=\"S\u00e8rie de fotograf\u00eda ef\u00edmera art\u00edstica que captura l&#039;instant fuga\u00e7 amb sensibilitat i silenci. Una reflexi\u00f3 visual sobre el pas del temps\" \/>\n<meta name=\"robots\" content=\"index, follow, max-snippet:-1, max-image-preview:large, max-video-preview:-1\" \/>\n<link rel=\"canonical\" href=\"https:\/\/desdunsullsdedona.cat\/index.php\/galeria\/efimeres\/\" \/>\n<meta property=\"og:locale\" content=\"ca_ES\" \/>\n<meta property=\"og:type\" content=\"article\" \/>\n<meta property=\"og:title\" content=\"Ef\u00edmeres - Carme Gotsens Ef\u00edmeres | fotograf\u00eda ef\u00edmera art\u00edstica - Carme Gotsens\" \/>\n<meta property=\"og:description\" content=\"S\u00e8rie de fotograf\u00eda ef\u00edmera art\u00edstica que captura l&#039;instant fuga\u00e7 amb sensibilitat i silenci. Una reflexi\u00f3 visual sobre el pas del temps\" \/>\n<meta property=\"og:url\" content=\"https:\/\/desdunsullsdedona.cat\/index.php\/galeria\/efimeres\/\" \/>\n<meta property=\"og:site_name\" content=\"Carme Gotsens\" \/>\n<meta property=\"article:modified_time\" content=\"2025-04-22T16:46:52+00:00\" \/>\n<meta name=\"twitter:card\" content=\"summary_large_image\" \/>\n<meta name=\"twitter:label1\" content=\"Temps estimat de lectura\" \/>\n\t<meta name=\"twitter:data1\" content=\"1 minut\" \/>\n<script type=\"application\/ld+json\" class=\"yoast-schema-graph\">{\"@context\":\"https:\\\/\\\/schema.org\",\"@graph\":[{\"@type\":\"WebPage\",\"@id\":\"https:\\\/\\\/desdunsullsdedona.cat\\\/index.php\\\/galeria\\\/efimeres\\\/\",\"url\":\"https:\\\/\\\/desdunsullsdedona.cat\\\/index.php\\\/galeria\\\/efimeres\\\/\",\"name\":\"Ef\u00edmeres - Carme Gotsens Ef\u00edmeres | fotograf\u00eda ef\u00edmera art\u00edstica - Carme Gotsens\",\"isPartOf\":{\"@id\":\"https:\\\/\\\/desdunsullsdedona.cat\\\/#website\"},\"datePublished\":\"2021-11-26T09:08:23+00:00\",\"dateModified\":\"2025-04-22T16:46:52+00:00\",\"description\":\"S\u00e8rie de fotograf\u00eda ef\u00edmera art\u00edstica que captura l'instant fuga\u00e7 amb sensibilitat i silenci. Una reflexi\u00f3 visual sobre el pas del temps\",\"breadcrumb\":{\"@id\":\"https:\\\/\\\/desdunsullsdedona.cat\\\/index.php\\\/galeria\\\/efimeres\\\/#breadcrumb\"},\"inLanguage\":\"ca\",\"potentialAction\":[{\"@type\":\"ReadAction\",\"target\":[\"https:\\\/\\\/desdunsullsdedona.cat\\\/index.php\\\/galeria\\\/efimeres\\\/\"]}]},{\"@type\":\"BreadcrumbList\",\"@id\":\"https:\\\/\\\/desdunsullsdedona.cat\\\/index.php\\\/galeria\\\/efimeres\\\/#breadcrumb\",\"itemListElement\":[{\"@type\":\"ListItem\",\"position\":1,\"name\":\"Inici\",\"item\":\"https:\\\/\\\/desdunsullsdedona.cat\\\/\"},{\"@type\":\"ListItem\",\"position\":2,\"name\":\"Galeria\",\"item\":\"https:\\\/\\\/desdunsullsdedona.cat\\\/index.php\\\/galeria\\\/\"},{\"@type\":\"ListItem\",\"position\":3,\"name\":\"Ef\u00edmeres\"}]},{\"@type\":\"WebSite\",\"@id\":\"https:\\\/\\\/desdunsullsdedona.cat\\\/#website\",\"url\":\"https:\\\/\\\/desdunsullsdedona.cat\\\/\",\"name\":\"Des d'uns ulls de dona\",\"description\":\"Fotografia\",\"publisher\":{\"@id\":\"https:\\\/\\\/desdunsullsdedona.cat\\\/#\\\/schema\\\/person\\\/196a83ba901a7db86e6a281e2bd6a27c\"},\"potentialAction\":[{\"@type\":\"SearchAction\",\"target\":{\"@type\":\"EntryPoint\",\"urlTemplate\":\"https:\\\/\\\/desdunsullsdedona.cat\\\/?s={search_term_string}\"},\"query-input\":{\"@type\":\"PropertyValueSpecification\",\"valueRequired\":true,\"valueName\":\"search_term_string\"}}],\"inLanguage\":\"ca\"},{\"@type\":[\"Person\",\"Organization\"],\"@id\":\"https:\\\/\\\/desdunsullsdedona.cat\\\/#\\\/schema\\\/person\\\/196a83ba901a7db86e6a281e2bd6a27c\",\"name\":\"Carme Gotsens Vila\",\"image\":{\"@type\":\"ImageObject\",\"inLanguage\":\"ca\",\"@id\":\"https:\\\/\\\/desdunsullsdedona.cat\\\/wp-content\\\/uploads\\\/2025\\\/01\\\/cropped-sa.webp\",\"url\":\"https:\\\/\\\/desdunsullsdedona.cat\\\/wp-content\\\/uploads\\\/2025\\\/01\\\/cropped-sa.webp\",\"contentUrl\":\"https:\\\/\\\/desdunsullsdedona.cat\\\/wp-content\\\/uploads\\\/2025\\\/01\\\/cropped-sa.webp\",\"width\":500,\"height\":119,\"caption\":\"Carme Gotsens Vila\"},\"logo\":{\"@id\":\"https:\\\/\\\/desdunsullsdedona.cat\\\/wp-content\\\/uploads\\\/2025\\\/01\\\/cropped-sa.webp\"},\"sameAs\":[\"https:\\\/\\\/desdunsullsdedona.cat\"]}]}<\/script>\n<!-- \/ Yoast SEO plugin. -->","yoast_head_json":{"title":"Ef\u00edmeres - Carme Gotsens Ef\u00edmeres | fotograf\u00eda ef\u00edmera art\u00edstica - Carme Gotsens","description":"S\u00e8rie de fotograf\u00eda ef\u00edmera art\u00edstica que captura l'instant fuga\u00e7 amb sensibilitat i silenci. Una reflexi\u00f3 visual sobre el pas del temps","robots":{"index":"index","follow":"follow","max-snippet":"max-snippet:-1","max-image-preview":"max-image-preview:large","max-video-preview":"max-video-preview:-1"},"canonical":"https:\/\/desdunsullsdedona.cat\/index.php\/galeria\/efimeres\/","og_locale":"ca_ES","og_type":"article","og_title":"Ef\u00edmeres - Carme Gotsens Ef\u00edmeres | fotograf\u00eda ef\u00edmera art\u00edstica - Carme Gotsens","og_description":"S\u00e8rie de fotograf\u00eda ef\u00edmera art\u00edstica que captura l'instant fuga\u00e7 amb sensibilitat i silenci. Una reflexi\u00f3 visual sobre el pas del temps","og_url":"https:\/\/desdunsullsdedona.cat\/index.php\/galeria\/efimeres\/","og_site_name":"Carme Gotsens","article_modified_time":"2025-04-22T16:46:52+00:00","twitter_card":"summary_large_image","twitter_misc":{"Temps estimat de lectura":"1 minut"},"schema":{"@context":"https:\/\/schema.org","@graph":[{"@type":"WebPage","@id":"https:\/\/desdunsullsdedona.cat\/index.php\/galeria\/efimeres\/","url":"https:\/\/desdunsullsdedona.cat\/index.php\/galeria\/efimeres\/","name":"Ef\u00edmeres - Carme Gotsens Ef\u00edmeres | fotograf\u00eda ef\u00edmera art\u00edstica - Carme Gotsens","isPartOf":{"@id":"https:\/\/desdunsullsdedona.cat\/#website"},"datePublished":"2021-11-26T09:08:23+00:00","dateModified":"2025-04-22T16:46:52+00:00","description":"S\u00e8rie de fotograf\u00eda ef\u00edmera art\u00edstica que captura l'instant fuga\u00e7 amb sensibilitat i silenci. Una reflexi\u00f3 visual sobre el pas del temps","breadcrumb":{"@id":"https:\/\/desdunsullsdedona.cat\/index.php\/galeria\/efimeres\/#breadcrumb"},"inLanguage":"ca","potentialAction":[{"@type":"ReadAction","target":["https:\/\/desdunsullsdedona.cat\/index.php\/galeria\/efimeres\/"]}]},{"@type":"BreadcrumbList","@id":"https:\/\/desdunsullsdedona.cat\/index.php\/galeria\/efimeres\/#breadcrumb","itemListElement":[{"@type":"ListItem","position":1,"name":"Inici","item":"https:\/\/desdunsullsdedona.cat\/"},{"@type":"ListItem","position":2,"name":"Galeria","item":"https:\/\/desdunsullsdedona.cat\/index.php\/galeria\/"},{"@type":"ListItem","position":3,"name":"Ef\u00edmeres"}]},{"@type":"WebSite","@id":"https:\/\/desdunsullsdedona.cat\/#website","url":"https:\/\/desdunsullsdedona.cat\/","name":"Des d'uns ulls de dona","description":"Fotografia","publisher":{"@id":"https:\/\/desdunsullsdedona.cat\/#\/schema\/person\/196a83ba901a7db86e6a281e2bd6a27c"},"potentialAction":[{"@type":"SearchAction","target":{"@type":"EntryPoint","urlTemplate":"https:\/\/desdunsullsdedona.cat\/?s={search_term_string}"},"query-input":{"@type":"PropertyValueSpecification","valueRequired":true,"valueName":"search_term_string"}}],"inLanguage":"ca"},{"@type":["Person","Organization"],"@id":"https:\/\/desdunsullsdedona.cat\/#\/schema\/person\/196a83ba901a7db86e6a281e2bd6a27c","name":"Carme Gotsens Vila","image":{"@type":"ImageObject","inLanguage":"ca","@id":"https:\/\/desdunsullsdedona.cat\/wp-content\/uploads\/2025\/01\/cropped-sa.webp","url":"https:\/\/desdunsullsdedona.cat\/wp-content\/uploads\/2025\/01\/cropped-sa.webp","contentUrl":"https:\/\/desdunsullsdedona.cat\/wp-content\/uploads\/2025\/01\/cropped-sa.webp","width":500,"height":119,"caption":"Carme Gotsens Vila"},"logo":{"@id":"https:\/\/desdunsullsdedona.cat\/wp-content\/uploads\/2025\/01\/cropped-sa.webp"},"sameAs":["https:\/\/desdunsullsdedona.cat"]}]}},"_links":{"self":[{"href":"https:\/\/desdunsullsdedona.cat\/index.php\/wp-json\/wp\/v2\/pages\/1403","targetHints":{"allow":["GET"]}}],"collection":[{"href":"https:\/\/desdunsullsdedona.cat\/index.php\/wp-json\/wp\/v2\/pages"}],"about":[{"href":"https:\/\/desdunsullsdedona.cat\/index.php\/wp-json\/wp\/v2\/types\/page"}],"author":[{"embeddable":true,"href":"https:\/\/desdunsullsdedona.cat\/index.php\/wp-json\/wp\/v2\/users\/1"}],"replies":[{"embeddable":true,"href":"https:\/\/desdunsullsdedona.cat\/index.php\/wp-json\/wp\/v2\/comments?post=1403"}],"version-history":[{"count":0,"href":"https:\/\/desdunsullsdedona.cat\/index.php\/wp-json\/wp\/v2\/pages\/1403\/revisions"}],"up":[{"embeddable":true,"href":"https:\/\/desdunsullsdedona.cat\/index.php\/wp-json\/wp\/v2\/pages\/2580"}],"wp:attachment":[{"href":"https:\/\/desdunsullsdedona.cat\/index.php\/wp-json\/wp\/v2\/media?parent=1403"}],"curies":[{"name":"wp","href":"https:\/\/api.w.org\/{rel}","templated":true}]}}