{"id":1859,"date":"2022-10-03T11:27:01","date_gmt":"2022-10-03T11:27:01","guid":{"rendered":"https:\/\/desdunsullsdedona.cat\/?page_id=1859"},"modified":"2025-04-22T17:03:00","modified_gmt":"2025-04-22T17:03:00","slug":"silenci-liquid","status":"publish","type":"page","link":"https:\/\/desdunsullsdedona.cat\/index.php\/silenci-liquid\/","title":{"rendered":"Sil\u00e8nci l\u00edquid"},"content":{"rendered":"\t\t<div data-elementor-type=\"wp-page\" data-elementor-id=\"1859\" class=\"elementor elementor-1859\" data-elementor-post-type=\"page\">\n\t\t\t\t\t\t<section class=\"elementor-section elementor-top-section elementor-element elementor-element-206122f3 elementor-section-height-min-height elementor-section-boxed elementor-section-height-default elementor-section-items-middle\" data-id=\"206122f3\" data-element_type=\"section\" data-e-type=\"section\">\n\t\t\t\t\t\t<div class=\"elementor-container elementor-column-gap-default\">\n\t\t\t\t\t<div class=\"elementor-column elementor-col-100 elementor-top-column elementor-element elementor-element-48c8b801\" data-id=\"48c8b801\" data-element_type=\"column\" data-e-type=\"column\">\n\t\t\t<div class=\"elementor-widget-wrap elementor-element-populated\">\n\t\t\t\t\t\t<div class=\"elementor-element elementor-element-f5913d3 elementor-widget elementor-widget-spacer\" data-id=\"f5913d3\" data-element_type=\"widget\" data-e-type=\"widget\" data-widget_type=\"spacer.default\">\n\t\t\t\t<div class=\"elementor-widget-container\">\n\t\t\t\t\t\t\t<div class=\"elementor-spacer\">\n\t\t\t<div class=\"elementor-spacer-inner\"><\/div>\n\t\t<\/div>\n\t\t\t\t\t\t<\/div>\n\t\t\t\t<\/div>\n\t\t\t\t<div class=\"elementor-element elementor-element-5e5c2d3 elementor-widget-tablet__width-initial elementor-widget-mobile__width-initial elementor-absolute elementor-widget elementor-widget-heading\" data-id=\"5e5c2d3\" data-element_type=\"widget\" data-e-type=\"widget\" data-settings=\"{&quot;_position&quot;:&quot;absolute&quot;}\" data-widget_type=\"heading.default\">\n\t\t\t\t<div class=\"elementor-widget-container\">\n\t\t\t\t\t<h2 class=\"elementor-heading-title elementor-size-default\">Silenci         l\u00edquid<\/h2>\t\t\t\t<\/div>\n\t\t\t\t<\/div>\n\t\t\t\t\t<\/div>\n\t\t<\/div>\n\t\t\t\t\t<\/div>\n\t\t<\/section>\n\t\t\t\t<section class=\"elementor-section elementor-top-section elementor-element elementor-element-2590382 elementor-section-boxed elementor-section-height-default elementor-section-height-default\" data-id=\"2590382\" data-element_type=\"section\" data-e-type=\"section\">\n\t\t\t\t\t\t<div class=\"elementor-container elementor-column-gap-default\">\n\t\t\t\t\t<div class=\"elementor-column elementor-col-100 elementor-top-column elementor-element elementor-element-69adf04\" data-id=\"69adf04\" data-element_type=\"column\" data-e-type=\"column\">\n\t\t\t<div class=\"elementor-widget-wrap elementor-element-populated\">\n\t\t\t\t\t\t<div class=\"elementor-element elementor-element-9786ce0 elementor-widget elementor-widget-text-editor\" data-id=\"9786ce0\" data-element_type=\"widget\" data-e-type=\"widget\" data-widget_type=\"text-editor.default\">\n\t\t\t\t<div class=\"elementor-widget-container\">\n\t\t\t\t\t\t\t\t\t<p class=\"p1\" style=\"text-align: left;\">Flors suspeses, atrapades en un instant d\u2019aigua i llum. No hi ha soroll, nom\u00e9s la lentitud del gest, l\u2019ess\u00e8ncia que es desf\u00e0.<\/p><p class=\"p1\">Aquest silenci l\u00edquid parla del cicle de la vida, de la bellesa i la fragilitat. Les imatges s\u00f3n com ofrenes: cauen suaument dins del temps.<\/p>\t\t\t\t\t\t\t\t<\/div>\n\t\t\t\t<\/div>\n\t\t\t\t<div class=\"elementor-element elementor-element-3313be0 elementor-pagination-position-inside elementor-widget__width-initial elementor-arrows-position-inside elementor-widget elementor-widget-image-carousel\" data-id=\"3313be0\" data-element_type=\"widget\" data-e-type=\"widget\" data-settings=\"{&quot;slides_to_show&quot;:&quot;1&quot;,&quot;navigation&quot;:&quot;both&quot;,&quot;autoplay&quot;:&quot;yes&quot;,&quot;pause_on_hover&quot;:&quot;yes&quot;,&quot;pause_on_interaction&quot;:&quot;yes&quot;,&quot;autoplay_speed&quot;:5000,&quot;infinite&quot;:&quot;yes&quot;,&quot;effect&quot;:&quot;slide&quot;,&quot;speed&quot;:500}\" data-widget_type=\"image-carousel.default\">\n\t\t\t\t<div class=\"elementor-widget-container\">\n\t\t\t\t\t\t\t<div class=\"elementor-image-carousel-wrapper swiper\" role=\"region\" aria-roledescription=\"carousel\" aria-label=\"Sil\u00e8nci l\u00edquid\" dir=\"ltr\">\n\t\t\t<div class=\"elementor-image-carousel swiper-wrapper\" aria-live=\"off\">\n\t\t\t\t\t\t\t\t<div class=\"swiper-slide\" role=\"group\" aria-roledescription=\"slide\" aria-label=\"1 de 12\"><figure class=\"swiper-slide-inner\"><img decoding=\"async\" class=\"swiper-slide-image\" src=\"https:\/\/desdunsullsdedona.cat\/wp-content\/uploads\/2022\/10\/Silenci-liquid-1-2048x1365.jpg\" alt=\"Tres flors blaves submergides en aigua darrera d&#039;una textra.\" \/><\/figure><\/div><div class=\"swiper-slide\" role=\"group\" aria-roledescription=\"slide\" aria-label=\"2 de 12\"><figure class=\"swiper-slide-inner\"><img decoding=\"async\" class=\"swiper-slide-image\" src=\"https:\/\/desdunsullsdedona.cat\/wp-content\/uploads\/2022\/10\/Silenci-liquid-2-2048x1365.jpg\" alt=\"Flors vermelles submergides en un l\u00edquid blanc, amb una composici\u00f3 d\u2019est\u00e8tica oriental\" \/><\/figure><\/div><div class=\"swiper-slide\" role=\"group\" aria-roledescription=\"slide\" aria-label=\"3 de 12\"><figure class=\"swiper-slide-inner\"><img decoding=\"async\" class=\"swiper-slide-image\" src=\"https:\/\/desdunsullsdedona.cat\/wp-content\/uploads\/2022\/10\/Silenci-liquid-3-2048x1531.jpg\" alt=\"Una flor submergida en vi amb bombolles a la superf\u00edcie del l\u00edquid\" \/><\/figure><\/div><div class=\"swiper-slide\" role=\"group\" aria-roledescription=\"slide\" aria-label=\"4 de 12\"><figure class=\"swiper-slide-inner\"><img decoding=\"async\" class=\"swiper-slide-image\" src=\"https:\/\/desdunsullsdedona.cat\/wp-content\/uploads\/2022\/10\/Silenci-liquid-4-2048x1365.jpg\" alt=\"Flor congelada amb l\u00ednies de gel i bombolles d\u2019aire visibles\" \/><\/figure><\/div><div class=\"swiper-slide\" role=\"group\" aria-roledescription=\"slide\" aria-label=\"5 de 12\"><figure class=\"swiper-slide-inner\"><img decoding=\"async\" class=\"swiper-slide-image\" src=\"https:\/\/desdunsullsdedona.cat\/wp-content\/uploads\/2022\/10\/Silenci-liquid-5-2048x1365.jpg\" alt=\"Dues rosselles flotant sobre l\u2019aigua, una gran i una petita, amb part submergida\" \/><\/figure><\/div><div class=\"swiper-slide\" role=\"group\" aria-roledescription=\"slide\" aria-label=\"6 de 12\"><figure class=\"swiper-slide-inner\"><img decoding=\"async\" class=\"swiper-slide-image\" src=\"https:\/\/desdunsullsdedona.cat\/wp-content\/uploads\/2022\/10\/Silenci-liquid-6-2048x1365.jpg\" alt=\"Dues roses suaus suren damunt la l\u00ednia de l&#039;aigua, mig submergides, amb un fons pict\u00f2ric i delicat\" \/><\/figure><\/div><div class=\"swiper-slide\" role=\"group\" aria-roledescription=\"slide\" aria-label=\"7 de 12\"><figure class=\"swiper-slide-inner\"><img decoding=\"async\" class=\"swiper-slide-image\" src=\"https:\/\/desdunsullsdedona.cat\/wp-content\/uploads\/2022\/10\/Silenci-liquid-7-2048x1366.jpg\" alt=\"Margarides blanques sobre fons negre, surant a l\u2019aigua, mig a sobre i mig submergides\" \/><\/figure><\/div><div class=\"swiper-slide\" role=\"group\" aria-roledescription=\"slide\" aria-label=\"8 de 12\"><figure class=\"swiper-slide-inner\"><img decoding=\"async\" class=\"swiper-slide-image\" src=\"https:\/\/desdunsullsdedona.cat\/wp-content\/uploads\/2022\/10\/Silenci-liquid-10-2048x1365.jpg\" alt=\"Tres roses liles suren una al costat de l\u2019altra damunt l\u2019aigua, com si flotessin en un somni\" \/><\/figure><\/div><div class=\"swiper-slide\" role=\"group\" aria-roledescription=\"slide\" aria-label=\"9 de 12\"><figure class=\"swiper-slide-inner\"><img decoding=\"async\" class=\"swiper-slide-image\" src=\"https:\/\/desdunsullsdedona.cat\/wp-content\/uploads\/2022\/10\/Silenci-liquid-9-2048x1414.jpg\" alt=\"Hort\u00e8nsia lila submergida dins l\u2019aigua, amb moviment i vibraci\u00f3\" \/><\/figure><\/div><div class=\"swiper-slide\" role=\"group\" aria-roledescription=\"slide\" aria-label=\"10 de 12\"><figure class=\"swiper-slide-inner\"><img decoding=\"async\" class=\"swiper-slide-image\" src=\"https:\/\/desdunsullsdedona.cat\/wp-content\/uploads\/2022\/10\/Silenci-liquid-8-2048x1326.jpg\" alt=\"Tres tulipes submergides totalment dins l\u2019aigua, sobre fons negre\" \/><\/figure><\/div><div class=\"swiper-slide\" role=\"group\" aria-roledescription=\"slide\" aria-label=\"11 de 12\"><figure class=\"swiper-slide-inner\"><img decoding=\"async\" class=\"swiper-slide-image\" src=\"https:\/\/desdunsullsdedona.cat\/wp-content\/uploads\/2022\/10\/Silenci-liquid-11-2048x1345.jpg\" alt=\"Una flor vermella gaireb\u00e9 submergida en aigua marronosa, amb la part superior negra\" \/><\/figure><\/div><div class=\"swiper-slide\" role=\"group\" aria-roledescription=\"slide\" aria-label=\"12 de 12\"><figure class=\"swiper-slide-inner\"><img decoding=\"async\" class=\"swiper-slide-image\" src=\"https:\/\/desdunsullsdedona.cat\/wp-content\/uploads\/2022\/10\/Silenci-liquid-12-2048x1215.jpg\" alt=\"Flor en descomposici\u00f3 dins l\u2019aigua, amb restes flotant i degradaci\u00f3 visual pict\u00f2rica\" \/><\/figure><\/div>\t\t\t<\/div>\n\t\t\t\t\t\t\t\t\t\t\t\t<div class=\"elementor-swiper-button elementor-swiper-button-prev\" role=\"button\" tabindex=\"0\">\n\t\t\t\t\t\t<i aria-hidden=\"true\" class=\"eicon-chevron-left\"><\/i>\t\t\t\t\t<\/div>\n\t\t\t\t\t<div class=\"elementor-swiper-button elementor-swiper-button-next\" role=\"button\" tabindex=\"0\">\n\t\t\t\t\t\t<i aria-hidden=\"true\" class=\"eicon-chevron-right\"><\/i>\t\t\t\t\t<\/div>\n\t\t\t\t\n\t\t\t\t\t\t\t\t\t<div class=\"swiper-pagination\"><\/div>\n\t\t\t\t\t\t\t\t\t<\/div>\n\t\t\t\t\t\t<\/div>\n\t\t\t\t<\/div>\n\t\t\t\t<div class=\"elementor-element elementor-element-7d2a299 elementor-widget elementor-widget-spacer\" data-id=\"7d2a299\" data-element_type=\"widget\" data-e-type=\"widget\" data-widget_type=\"spacer.default\">\n\t\t\t\t<div class=\"elementor-widget-container\">\n\t\t\t\t\t\t\t<div class=\"elementor-spacer\">\n\t\t\t<div class=\"elementor-spacer-inner\"><\/div>\n\t\t<\/div>\n\t\t\t\t\t\t<\/div>\n\t\t\t\t<\/div>\n\t\t\t\t\t<\/div>\n\t\t<\/div>\n\t\t\t\t\t<\/div>\n\t\t<\/section>\n\t\t\t\t<section class=\"elementor-section elementor-top-section elementor-element elementor-element-981e22d elementor-section-boxed elementor-section-height-default elementor-section-height-default\" data-id=\"981e22d\" data-element_type=\"section\" data-e-type=\"section\">\n\t\t\t\t\t\t<div class=\"elementor-container elementor-column-gap-default\">\n\t\t\t\t\t<div class=\"elementor-column elementor-col-100 elementor-top-column elementor-element elementor-element-15b795e\" data-id=\"15b795e\" data-element_type=\"column\" data-e-type=\"column\">\n\t\t\t<div class=\"elementor-widget-wrap elementor-element-populated\">\n\t\t\t\t\t\t<div class=\"elementor-element elementor-element-f863b09 elementor-widget elementor-widget-text-editor\" data-id=\"f863b09\" data-element_type=\"widget\" data-e-type=\"widget\" data-widget_type=\"text-editor.default\">\n\t\t\t\t<div class=\"elementor-widget-container\">\n\t\t\t\t\t\t\t\t\t<p class=\"p1\"><i>Silenci l\u00edquid<\/i> \u00e9s una s\u00e8rie de Carme Gotsens Vila on la fotografia art\u00edstica es fon amb la poesia visual. Flors submergides en aigua esdevenen s\u00edmbols del pas del temps, de la mem\u00f2ria i de la transformaci\u00f3. Aquesta obra explora la bellesa ef\u00edmera des d\u2019una est\u00e8tica delicada i \u00edntima, combinant llum, mat\u00e8ria i emoci\u00f3 en composicions gaireb\u00e9 pict\u00f2riques.<\/p>\t\t\t\t\t\t\t\t<\/div>\n\t\t\t\t<\/div>\n\t\t\t\t\t<\/div>\n\t\t<\/div>\n\t\t\t\t\t<\/div>\n\t\t<\/section>\n\t\t\t\t<section class=\"elementor-section elementor-top-section elementor-element elementor-element-490cc56 elementor-section-boxed elementor-section-height-default elementor-section-height-default\" data-id=\"490cc56\" data-element_type=\"section\" data-e-type=\"section\">\n\t\t\t\t\t\t<div class=\"elementor-container elementor-column-gap-default\">\n\t\t\t\t\t<div class=\"elementor-column elementor-col-100 elementor-top-column elementor-element elementor-element-3c0e573\" data-id=\"3c0e573\" data-element_type=\"column\" data-e-type=\"column\">\n\t\t\t<div class=\"elementor-widget-wrap\">\n\t\t\t\t\t\t\t<\/div>\n\t\t<\/div>\n\t\t\t\t\t<\/div>\n\t\t<\/section>\n\t\t\t\t<\/div>\n\t\t","protected":false},"excerpt":{"rendered":"<p>Silenci l\u00edquid Flors suspeses, atrapades en un instant d\u2019aigua i llum. No hi ha soroll, nom\u00e9s la lentitud del gest, l\u2019ess\u00e8ncia que es desf\u00e0. Aquest silenci l\u00edquid parla del cicle de la vida, de la bellesa i la fragilitat. Les imatges s\u00f3n com ofrenes: cauen suaument dins del temps. Silenci l\u00edquid \u00e9s una s\u00e8rie de &#8230; <a title=\"Sil\u00e8nci l\u00edquid\" class=\"read-more\" href=\"https:\/\/desdunsullsdedona.cat\/index.php\/silenci-liquid\/\" aria-label=\"M\u00e9s informaci\u00f3 sobre Sil\u00e8nci l\u00edquid\">Llegiu m\u00e9s<\/a><\/p>\n","protected":false},"author":1,"featured_media":0,"parent":0,"menu_order":0,"comment_status":"closed","ping_status":"closed","template":"","meta":{"footnotes":""},"class_list":["post-1859","page","type-page","status-publish"],"yoast_head":"<!-- This site is optimized with the Yoast SEO plugin v27.4 - https:\/\/yoast.com\/product\/yoast-seo-wordpress\/ -->\n<title>Sil\u00e8nci l\u00edquid - Carme Gotsens Sileni l\u00edquid \/ fotograf\u00eda po\u00e8tica de flors submergides.<\/title>\n<meta name=\"description\" content=\"S\u00e8rie fotogr\u00e0fica po\u00e8tica de flors submengides en aigua. Una mirada \u00edntima rsobre la bellesa ef\u00edmera , el pas del temps i la fragilitat\" \/>\n<meta name=\"robots\" content=\"index, follow, max-snippet:-1, max-image-preview:large, max-video-preview:-1\" \/>\n<link rel=\"canonical\" href=\"https:\/\/desdunsullsdedona.cat\/index.php\/projectes__trashed\/silenci-liquid\/\" \/>\n<meta property=\"og:locale\" content=\"ca_ES\" \/>\n<meta property=\"og:type\" content=\"article\" \/>\n<meta property=\"og:title\" content=\"Sil\u00e8nci l\u00edquid - Carme Gotsens Sileni l\u00edquid \/ fotograf\u00eda po\u00e8tica de flors submergides.\" \/>\n<meta property=\"og:description\" content=\"S\u00e8rie fotogr\u00e0fica po\u00e8tica de flors submengides en aigua. Una mirada \u00edntima rsobre la bellesa ef\u00edmera , el pas del temps i la fragilitat\" \/>\n<meta property=\"og:url\" content=\"https:\/\/desdunsullsdedona.cat\/index.php\/projectes__trashed\/silenci-liquid\/\" \/>\n<meta property=\"og:site_name\" content=\"Carme Gotsens\" \/>\n<meta property=\"article:modified_time\" content=\"2025-04-22T17:03:00+00:00\" \/>\n<meta property=\"og:image\" content=\"https:\/\/desdunsullsdedona.cat\/wp-content\/uploads\/2022\/10\/Silenci-liquid-1-2048x1365.jpg\" \/>\n<meta name=\"twitter:card\" content=\"summary_large_image\" \/>\n<meta name=\"twitter:label1\" content=\"Temps estimat de lectura\" \/>\n\t<meta name=\"twitter:data1\" content=\"3 minuts\" \/>\n<script type=\"application\/ld+json\" class=\"yoast-schema-graph\">{\"@context\":\"https:\\\/\\\/schema.org\",\"@graph\":[{\"@type\":\"WebPage\",\"@id\":\"https:\\\/\\\/desdunsullsdedona.cat\\\/index.php\\\/projectes__trashed\\\/silenci-liquid\\\/\",\"url\":\"https:\\\/\\\/desdunsullsdedona.cat\\\/index.php\\\/projectes__trashed\\\/silenci-liquid\\\/\",\"name\":\"Sil\u00e8nci l\u00edquid - Carme Gotsens Sileni l\u00edquid \\\/ fotograf\u00eda po\u00e8tica de flors submergides.\",\"isPartOf\":{\"@id\":\"https:\\\/\\\/desdunsullsdedona.cat\\\/#website\"},\"primaryImageOfPage\":{\"@id\":\"https:\\\/\\\/desdunsullsdedona.cat\\\/index.php\\\/projectes__trashed\\\/silenci-liquid\\\/#primaryimage\"},\"image\":{\"@id\":\"https:\\\/\\\/desdunsullsdedona.cat\\\/index.php\\\/projectes__trashed\\\/silenci-liquid\\\/#primaryimage\"},\"thumbnailUrl\":\"https:\\\/\\\/desdunsullsdedona.cat\\\/wp-content\\\/uploads\\\/2022\\\/10\\\/Silenci-liquid-1-2048x1365.jpg\",\"datePublished\":\"2022-10-03T11:27:01+00:00\",\"dateModified\":\"2025-04-22T17:03:00+00:00\",\"description\":\"S\u00e8rie fotogr\u00e0fica po\u00e8tica de flors submengides en aigua. Una mirada \u00edntima rsobre la bellesa ef\u00edmera , el pas del temps i la fragilitat\",\"breadcrumb\":{\"@id\":\"https:\\\/\\\/desdunsullsdedona.cat\\\/index.php\\\/projectes__trashed\\\/silenci-liquid\\\/#breadcrumb\"},\"inLanguage\":\"ca\",\"potentialAction\":[{\"@type\":\"ReadAction\",\"target\":[\"https:\\\/\\\/desdunsullsdedona.cat\\\/index.php\\\/projectes__trashed\\\/silenci-liquid\\\/\"]}]},{\"@type\":\"ImageObject\",\"inLanguage\":\"ca\",\"@id\":\"https:\\\/\\\/desdunsullsdedona.cat\\\/index.php\\\/projectes__trashed\\\/silenci-liquid\\\/#primaryimage\",\"url\":\"https:\\\/\\\/desdunsullsdedona.cat\\\/wp-content\\\/uploads\\\/2022\\\/10\\\/Silenci-liquid-1-scaled-e1744915453945.jpg\",\"contentUrl\":\"https:\\\/\\\/desdunsullsdedona.cat\\\/wp-content\\\/uploads\\\/2022\\\/10\\\/Silenci-liquid-1-scaled-e1744915453945.jpg\",\"width\":1050,\"height\":700,\"caption\":\"Tres flors blaves submergides en aigua darrera d'una textra.\"},{\"@type\":\"BreadcrumbList\",\"@id\":\"https:\\\/\\\/desdunsullsdedona.cat\\\/index.php\\\/projectes__trashed\\\/silenci-liquid\\\/#breadcrumb\",\"itemListElement\":[{\"@type\":\"ListItem\",\"position\":1,\"name\":\"Inici\",\"item\":\"https:\\\/\\\/desdunsullsdedona.cat\\\/\"},{\"@type\":\"ListItem\",\"position\":2,\"name\":\"Sil\u00e8nci l\u00edquid\"}]},{\"@type\":\"WebSite\",\"@id\":\"https:\\\/\\\/desdunsullsdedona.cat\\\/#website\",\"url\":\"https:\\\/\\\/desdunsullsdedona.cat\\\/\",\"name\":\"Des d'uns ulls de dona\",\"description\":\"Fotografia\",\"publisher\":{\"@id\":\"https:\\\/\\\/desdunsullsdedona.cat\\\/#\\\/schema\\\/person\\\/196a83ba901a7db86e6a281e2bd6a27c\"},\"potentialAction\":[{\"@type\":\"SearchAction\",\"target\":{\"@type\":\"EntryPoint\",\"urlTemplate\":\"https:\\\/\\\/desdunsullsdedona.cat\\\/?s={search_term_string}\"},\"query-input\":{\"@type\":\"PropertyValueSpecification\",\"valueRequired\":true,\"valueName\":\"search_term_string\"}}],\"inLanguage\":\"ca\"},{\"@type\":[\"Person\",\"Organization\"],\"@id\":\"https:\\\/\\\/desdunsullsdedona.cat\\\/#\\\/schema\\\/person\\\/196a83ba901a7db86e6a281e2bd6a27c\",\"name\":\"Carme Gotsens Vila\",\"image\":{\"@type\":\"ImageObject\",\"inLanguage\":\"ca\",\"@id\":\"https:\\\/\\\/desdunsullsdedona.cat\\\/wp-content\\\/uploads\\\/2025\\\/01\\\/cropped-sa.webp\",\"url\":\"https:\\\/\\\/desdunsullsdedona.cat\\\/wp-content\\\/uploads\\\/2025\\\/01\\\/cropped-sa.webp\",\"contentUrl\":\"https:\\\/\\\/desdunsullsdedona.cat\\\/wp-content\\\/uploads\\\/2025\\\/01\\\/cropped-sa.webp\",\"width\":500,\"height\":119,\"caption\":\"Carme Gotsens Vila\"},\"logo\":{\"@id\":\"https:\\\/\\\/desdunsullsdedona.cat\\\/wp-content\\\/uploads\\\/2025\\\/01\\\/cropped-sa.webp\"},\"sameAs\":[\"https:\\\/\\\/desdunsullsdedona.cat\"]}]}<\/script>\n<!-- \/ Yoast SEO plugin. -->","yoast_head_json":{"title":"Sil\u00e8nci l\u00edquid - Carme Gotsens Sileni l\u00edquid \/ fotograf\u00eda po\u00e8tica de flors submergides.","description":"S\u00e8rie fotogr\u00e0fica po\u00e8tica de flors submengides en aigua. Una mirada \u00edntima rsobre la bellesa ef\u00edmera , el pas del temps i la fragilitat","robots":{"index":"index","follow":"follow","max-snippet":"max-snippet:-1","max-image-preview":"max-image-preview:large","max-video-preview":"max-video-preview:-1"},"canonical":"https:\/\/desdunsullsdedona.cat\/index.php\/projectes__trashed\/silenci-liquid\/","og_locale":"ca_ES","og_type":"article","og_title":"Sil\u00e8nci l\u00edquid - Carme Gotsens Sileni l\u00edquid \/ fotograf\u00eda po\u00e8tica de flors submergides.","og_description":"S\u00e8rie fotogr\u00e0fica po\u00e8tica de flors submengides en aigua. Una mirada \u00edntima rsobre la bellesa ef\u00edmera , el pas del temps i la fragilitat","og_url":"https:\/\/desdunsullsdedona.cat\/index.php\/projectes__trashed\/silenci-liquid\/","og_site_name":"Carme Gotsens","article_modified_time":"2025-04-22T17:03:00+00:00","og_image":[{"url":"https:\/\/desdunsullsdedona.cat\/wp-content\/uploads\/2022\/10\/Silenci-liquid-1-2048x1365.jpg","type":"","width":"","height":""}],"twitter_card":"summary_large_image","twitter_misc":{"Temps estimat de lectura":"3 minuts"},"schema":{"@context":"https:\/\/schema.org","@graph":[{"@type":"WebPage","@id":"https:\/\/desdunsullsdedona.cat\/index.php\/projectes__trashed\/silenci-liquid\/","url":"https:\/\/desdunsullsdedona.cat\/index.php\/projectes__trashed\/silenci-liquid\/","name":"Sil\u00e8nci l\u00edquid - Carme Gotsens Sileni l\u00edquid \/ fotograf\u00eda po\u00e8tica de flors submergides.","isPartOf":{"@id":"https:\/\/desdunsullsdedona.cat\/#website"},"primaryImageOfPage":{"@id":"https:\/\/desdunsullsdedona.cat\/index.php\/projectes__trashed\/silenci-liquid\/#primaryimage"},"image":{"@id":"https:\/\/desdunsullsdedona.cat\/index.php\/projectes__trashed\/silenci-liquid\/#primaryimage"},"thumbnailUrl":"https:\/\/desdunsullsdedona.cat\/wp-content\/uploads\/2022\/10\/Silenci-liquid-1-2048x1365.jpg","datePublished":"2022-10-03T11:27:01+00:00","dateModified":"2025-04-22T17:03:00+00:00","description":"S\u00e8rie fotogr\u00e0fica po\u00e8tica de flors submengides en aigua. Una mirada \u00edntima rsobre la bellesa ef\u00edmera , el pas del temps i la fragilitat","breadcrumb":{"@id":"https:\/\/desdunsullsdedona.cat\/index.php\/projectes__trashed\/silenci-liquid\/#breadcrumb"},"inLanguage":"ca","potentialAction":[{"@type":"ReadAction","target":["https:\/\/desdunsullsdedona.cat\/index.php\/projectes__trashed\/silenci-liquid\/"]}]},{"@type":"ImageObject","inLanguage":"ca","@id":"https:\/\/desdunsullsdedona.cat\/index.php\/projectes__trashed\/silenci-liquid\/#primaryimage","url":"https:\/\/desdunsullsdedona.cat\/wp-content\/uploads\/2022\/10\/Silenci-liquid-1-scaled-e1744915453945.jpg","contentUrl":"https:\/\/desdunsullsdedona.cat\/wp-content\/uploads\/2022\/10\/Silenci-liquid-1-scaled-e1744915453945.jpg","width":1050,"height":700,"caption":"Tres flors blaves submergides en aigua darrera d'una textra."},{"@type":"BreadcrumbList","@id":"https:\/\/desdunsullsdedona.cat\/index.php\/projectes__trashed\/silenci-liquid\/#breadcrumb","itemListElement":[{"@type":"ListItem","position":1,"name":"Inici","item":"https:\/\/desdunsullsdedona.cat\/"},{"@type":"ListItem","position":2,"name":"Sil\u00e8nci l\u00edquid"}]},{"@type":"WebSite","@id":"https:\/\/desdunsullsdedona.cat\/#website","url":"https:\/\/desdunsullsdedona.cat\/","name":"Des d'uns ulls de dona","description":"Fotografia","publisher":{"@id":"https:\/\/desdunsullsdedona.cat\/#\/schema\/person\/196a83ba901a7db86e6a281e2bd6a27c"},"potentialAction":[{"@type":"SearchAction","target":{"@type":"EntryPoint","urlTemplate":"https:\/\/desdunsullsdedona.cat\/?s={search_term_string}"},"query-input":{"@type":"PropertyValueSpecification","valueRequired":true,"valueName":"search_term_string"}}],"inLanguage":"ca"},{"@type":["Person","Organization"],"@id":"https:\/\/desdunsullsdedona.cat\/#\/schema\/person\/196a83ba901a7db86e6a281e2bd6a27c","name":"Carme Gotsens Vila","image":{"@type":"ImageObject","inLanguage":"ca","@id":"https:\/\/desdunsullsdedona.cat\/wp-content\/uploads\/2025\/01\/cropped-sa.webp","url":"https:\/\/desdunsullsdedona.cat\/wp-content\/uploads\/2025\/01\/cropped-sa.webp","contentUrl":"https:\/\/desdunsullsdedona.cat\/wp-content\/uploads\/2025\/01\/cropped-sa.webp","width":500,"height":119,"caption":"Carme Gotsens Vila"},"logo":{"@id":"https:\/\/desdunsullsdedona.cat\/wp-content\/uploads\/2025\/01\/cropped-sa.webp"},"sameAs":["https:\/\/desdunsullsdedona.cat"]}]}},"_links":{"self":[{"href":"https:\/\/desdunsullsdedona.cat\/index.php\/wp-json\/wp\/v2\/pages\/1859","targetHints":{"allow":["GET"]}}],"collection":[{"href":"https:\/\/desdunsullsdedona.cat\/index.php\/wp-json\/wp\/v2\/pages"}],"about":[{"href":"https:\/\/desdunsullsdedona.cat\/index.php\/wp-json\/wp\/v2\/types\/page"}],"author":[{"embeddable":true,"href":"https:\/\/desdunsullsdedona.cat\/index.php\/wp-json\/wp\/v2\/users\/1"}],"replies":[{"embeddable":true,"href":"https:\/\/desdunsullsdedona.cat\/index.php\/wp-json\/wp\/v2\/comments?post=1859"}],"version-history":[{"count":0,"href":"https:\/\/desdunsullsdedona.cat\/index.php\/wp-json\/wp\/v2\/pages\/1859\/revisions"}],"wp:attachment":[{"href":"https:\/\/desdunsullsdedona.cat\/index.php\/wp-json\/wp\/v2\/media?parent=1859"}],"curies":[{"name":"wp","href":"https:\/\/api.w.org\/{rel}","templated":true}]}}