{"id":2438,"date":"2025-01-08T11:22:23","date_gmt":"2025-01-08T11:22:23","guid":{"rendered":"https:\/\/desdunsullsdedona.cat\/?page_id=2438"},"modified":"2026-01-13T11:45:37","modified_gmt":"2026-01-13T11:45:37","slug":"la-meva-visio","status":"publish","type":"page","link":"https:\/\/desdunsullsdedona.cat\/index.php\/la-meva-visio\/","title":{"rendered":"La meva visi\u00f3"},"content":{"rendered":"\t\t<div data-elementor-type=\"wp-page\" data-elementor-id=\"2438\" class=\"elementor elementor-2438\" data-elementor-post-type=\"page\">\n\t\t\t\t\t\t<section class=\"elementor-section elementor-top-section elementor-element elementor-element-7563345 elementor-section-boxed elementor-section-height-default elementor-section-height-default\" data-id=\"7563345\" data-element_type=\"section\" data-e-type=\"section\">\n\t\t\t\t\t\t<div class=\"elementor-container elementor-column-gap-default\">\n\t\t\t\t\t<div class=\"elementor-column elementor-col-100 elementor-top-column elementor-element elementor-element-78ebe5f\" data-id=\"78ebe5f\" data-element_type=\"column\" data-e-type=\"column\">\n\t\t\t<div class=\"elementor-widget-wrap elementor-element-populated\">\n\t\t\t\t\t\t<div class=\"elementor-element elementor-element-6906fe3 elementor-widget-divider--view-line elementor-widget elementor-widget-divider\" data-id=\"6906fe3\" data-element_type=\"widget\" data-e-type=\"widget\" data-widget_type=\"divider.default\">\n\t\t\t\t<div class=\"elementor-widget-container\">\n\t\t\t\t\t\t\t<div class=\"elementor-divider\">\n\t\t\t<span class=\"elementor-divider-separator\">\n\t\t\t\t\t\t<\/span>\n\t\t<\/div>\n\t\t\t\t\t\t<\/div>\n\t\t\t\t<\/div>\n\t\t\t\t\t<\/div>\n\t\t<\/div>\n\t\t\t\t\t<\/div>\n\t\t<\/section>\n\t\t\t\t<section class=\"elementor-section elementor-top-section elementor-element elementor-element-9a5e93a elementor-section-boxed elementor-section-height-default elementor-section-height-default\" data-id=\"9a5e93a\" data-element_type=\"section\" data-e-type=\"section\">\n\t\t\t\t\t\t<div class=\"elementor-container elementor-column-gap-default\">\n\t\t\t\t\t<div class=\"elementor-column elementor-col-100 elementor-top-column elementor-element elementor-element-20601fd\" data-id=\"20601fd\" data-element_type=\"column\" data-e-type=\"column\">\n\t\t\t<div class=\"elementor-widget-wrap elementor-element-populated\">\n\t\t\t\t\t\t<div class=\"elementor-element elementor-element-47ca5ad elementor-widget__width-initial elementor-widget elementor-widget-text-editor\" data-id=\"47ca5ad\" data-element_type=\"widget\" data-e-type=\"widget\" data-widget_type=\"text-editor.default\">\n\t\t\t\t<div class=\"elementor-widget-container\">\n\t\t\t\t\t\t\t\t\t<p data-start=\"0\" data-end=\"285\">\u00a0<\/p><p data-start=\"0\" data-end=\"285\">En la meva fotografia, m&#8217;agrada explorar all\u00f2 que sovint queda ocult: el <em>silenci,<\/em> el <em>pas del temps<\/em> i la <em>fragilitat de l\u2019exist\u00e8ncia<\/em>. El meu objectiu \u00e9s crear imatges que transcendeixin el simple registre documental, convertint-se en una experi\u00e8ncia de contemplaci\u00f3 i introspecci\u00f3.<\/p><p data-start=\"0\" data-end=\"285\">Em centro en els detalls <em>subtils<\/em>, aquells que normalment passen desapercebuts. A trav\u00e9s de la <em>llum,<\/em> la <em>textura<\/em> i el <em>color<\/em>, construeixo imatges delicades amb una qualitat gaireb\u00e9 pict\u00f2rica, que dialoguen amb l\u2019impressionisme i el simbolisme, tot aix\u00f2 amb un llenguatge contemporani.<\/p><p data-start=\"0\" data-end=\"285\">La <em>natura<\/em> \u00e9s una font d\u2019inspiraci\u00f3 fonamental per a mi. En ella, trobo una for\u00e7a prim\u00e0ria que interpreto amb un estil minimalista, atent a les textures, als jocs de llum i a les marques que deixa el temps. La meva mirada \u00e9s \u00edntima i sensible, i busco capturar aquesta bellesa amb delicadesa i precisi\u00f3.<\/p><p data-start=\"0\" data-end=\"285\">Veig la fotografia com un <em>acte de contemplaci\u00f3<\/em>: una manera de transformar l\u2019ordinari en experi\u00e8ncia, el visible en met\u00e0fora, i de crear un llenguatge visual que parla de fragilitat, bellesa i mem\u00f2ria.<\/p><p data-start=\"0\" data-end=\"285\">\u00a0<\/p>\t\t\t\t\t\t\t\t<\/div>\n\t\t\t\t<\/div>\n\t\t\t\t<div class=\"elementor-element elementor-element-55e6799 elementor-widget elementor-widget-image\" data-id=\"55e6799\" data-element_type=\"widget\" data-e-type=\"widget\" data-widget_type=\"image.default\">\n\t\t\t\t<div class=\"elementor-widget-container\">\n\t\t\t\t\t\t\t\t\t\t\t\t\t\t\t<img fetchpriority=\"high\" decoding=\"async\" width=\"1024\" height=\"683\" src=\"https:\/\/desdunsullsdedona.cat\/wp-content\/uploads\/2022\/10\/Silenci-liquid-5-1024x683.jpg\" class=\"attachment-large size-large wp-image-2233\" alt=\"Dues rosselles flotant sobre l\u2019aigua, una gran i una petita, amb part submergida\" srcset=\"https:\/\/desdunsullsdedona.cat\/wp-content\/uploads\/2022\/10\/Silenci-liquid-5-1024x683.jpg 1024w, https:\/\/desdunsullsdedona.cat\/wp-content\/uploads\/2022\/10\/Silenci-liquid-5-300x200.jpg 300w, https:\/\/desdunsullsdedona.cat\/wp-content\/uploads\/2022\/10\/Silenci-liquid-5-768x512.jpg 768w, https:\/\/desdunsullsdedona.cat\/wp-content\/uploads\/2022\/10\/Silenci-liquid-5-1536x1024.jpg 1536w, https:\/\/desdunsullsdedona.cat\/wp-content\/uploads\/2022\/10\/Silenci-liquid-5-2048x1365.jpg 2048w, https:\/\/desdunsullsdedona.cat\/wp-content\/uploads\/2022\/10\/Silenci-liquid-5-930x620.jpg 930w, https:\/\/desdunsullsdedona.cat\/wp-content\/uploads\/2022\/10\/Silenci-liquid-5-scaled-e1744972891506.jpg 1080w\" sizes=\"(max-width: 1024px) 100vw, 1024px\" \/>\t\t\t\t\t\t\t\t\t\t\t\t\t\t\t<\/div>\n\t\t\t\t<\/div>\n\t\t\t\t\t<\/div>\n\t\t<\/div>\n\t\t\t\t\t<\/div>\n\t\t<\/section>\n\t\t\t\t<section class=\"elementor-section elementor-top-section elementor-element elementor-element-be24fa8 elementor-section-boxed elementor-section-height-default elementor-section-height-default\" data-id=\"be24fa8\" data-element_type=\"section\" data-e-type=\"section\">\n\t\t\t\t\t\t<div class=\"elementor-container elementor-column-gap-default\">\n\t\t\t\t\t<div class=\"elementor-column elementor-col-100 elementor-top-column elementor-element elementor-element-53ec7ef\" data-id=\"53ec7ef\" data-element_type=\"column\" data-e-type=\"column\">\n\t\t\t<div class=\"elementor-widget-wrap elementor-element-populated\">\n\t\t\t\t\t\t<div class=\"elementor-element elementor-element-6e4fb83 elementor-widget elementor-widget-text-editor\" data-id=\"6e4fb83\" data-element_type=\"widget\" data-e-type=\"widget\" data-widget_type=\"text-editor.default\">\n\t\t\t\t<div class=\"elementor-widget-container\">\n\t\t\t\t\t\t\t\t\t<p>Fotografia art\u00edstica contempor\u00e0nia centrada en el silenci, la natura i el pas del temps. Un treball visual que explora la fragilitat, la bellesa i la mem\u00f2ria a trav\u00e9s d\u2019una mirada \u00edntima i minimalista.<\/p>\t\t\t\t\t\t\t\t<\/div>\n\t\t\t\t<\/div>\n\t\t\t\t\t<\/div>\n\t\t<\/div>\n\t\t\t\t\t<\/div>\n\t\t<\/section>\n\t\t\t\t<\/div>\n\t\t","protected":false},"excerpt":{"rendered":"<p>\u00a0 En la meva fotografia, m&#8217;agrada explorar all\u00f2 que sovint queda ocult: el silenci, el pas del temps i la fragilitat de l\u2019exist\u00e8ncia. El meu objectiu \u00e9s crear imatges que transcendeixin el simple registre documental, convertint-se en una experi\u00e8ncia de contemplaci\u00f3 i introspecci\u00f3. Em centro en els detalls subtils, aquells que normalment passen desapercebuts. A &#8230; <a title=\"La meva visi\u00f3\" class=\"read-more\" href=\"https:\/\/desdunsullsdedona.cat\/index.php\/la-meva-visio\/\" aria-label=\"M\u00e9s informaci\u00f3 sobre La meva visi\u00f3\">Llegiu m\u00e9s<\/a><\/p>\n","protected":false},"author":1,"featured_media":0,"parent":0,"menu_order":0,"comment_status":"closed","ping_status":"closed","template":"","meta":{"footnotes":""},"class_list":["post-2438","page","type-page","status-publish"],"yoast_head":"<!-- This site is optimized with the Yoast SEO plugin v27.4 - https:\/\/yoast.com\/product\/yoast-seo-wordpress\/ -->\n<title>La meva visi\u00f3 - Carme Gotsens Sobre mi\/Carme Gotsens-fot\u00f2grafa<\/title>\n<meta name=\"description\" content=\"S\u00f3c Carme Gotsens, fot\u00f2grafa art\u00edstica. Busco transmetre emocions a trav\u00e9s d&#039;imatges \u00edntimes i po\u00e8tiques i\" \/>\n<meta name=\"robots\" content=\"index, follow, max-snippet:-1, max-image-preview:large, max-video-preview:-1\" \/>\n<link rel=\"canonical\" href=\"https:\/\/desdunsullsdedona.cat\/index.php\/la-meva-visio\/\" \/>\n<meta property=\"og:locale\" content=\"ca_ES\" \/>\n<meta property=\"og:type\" content=\"article\" \/>\n<meta property=\"og:title\" content=\"La meva visi\u00f3 - Carme Gotsens Sobre mi\/Carme Gotsens-fot\u00f2grafa\" \/>\n<meta property=\"og:description\" content=\"S\u00f3c Carme Gotsens, fot\u00f2grafa art\u00edstica. Busco transmetre emocions a trav\u00e9s d&#039;imatges \u00edntimes i po\u00e8tiques i\" \/>\n<meta property=\"og:url\" content=\"https:\/\/desdunsullsdedona.cat\/index.php\/la-meva-visio\/\" \/>\n<meta property=\"og:site_name\" content=\"Carme Gotsens\" \/>\n<meta property=\"article:modified_time\" content=\"2026-01-13T11:45:37+00:00\" \/>\n<meta property=\"og:image\" content=\"https:\/\/desdunsullsdedona.cat\/wp-content\/uploads\/2022\/10\/Silenci-liquid-5-scaled-e1744972891506.jpg\" \/>\n\t<meta property=\"og:image:width\" content=\"1080\" \/>\n\t<meta property=\"og:image:height\" content=\"720\" \/>\n\t<meta property=\"og:image:type\" content=\"image\/jpeg\" \/>\n<meta name=\"twitter:card\" content=\"summary_large_image\" \/>\n<meta name=\"twitter:label1\" content=\"Temps estimat de lectura\" \/>\n\t<meta name=\"twitter:data1\" content=\"2 minuts\" \/>\n<script type=\"application\/ld+json\" class=\"yoast-schema-graph\">{\"@context\":\"https:\\\/\\\/schema.org\",\"@graph\":[{\"@type\":\"WebPage\",\"@id\":\"https:\\\/\\\/desdunsullsdedona.cat\\\/index.php\\\/la-meva-visio\\\/\",\"url\":\"https:\\\/\\\/desdunsullsdedona.cat\\\/index.php\\\/la-meva-visio\\\/\",\"name\":\"La meva visi\u00f3 - Carme Gotsens Sobre mi\\\/Carme Gotsens-fot\u00f2grafa\",\"isPartOf\":{\"@id\":\"https:\\\/\\\/desdunsullsdedona.cat\\\/#website\"},\"primaryImageOfPage\":{\"@id\":\"https:\\\/\\\/desdunsullsdedona.cat\\\/index.php\\\/la-meva-visio\\\/#primaryimage\"},\"image\":{\"@id\":\"https:\\\/\\\/desdunsullsdedona.cat\\\/index.php\\\/la-meva-visio\\\/#primaryimage\"},\"thumbnailUrl\":\"https:\\\/\\\/desdunsullsdedona.cat\\\/wp-content\\\/uploads\\\/2022\\\/10\\\/Silenci-liquid-5-1024x683.jpg\",\"datePublished\":\"2025-01-08T11:22:23+00:00\",\"dateModified\":\"2026-01-13T11:45:37+00:00\",\"description\":\"S\u00f3c Carme Gotsens, fot\u00f2grafa art\u00edstica. Busco transmetre emocions a trav\u00e9s d'imatges \u00edntimes i po\u00e8tiques i\",\"breadcrumb\":{\"@id\":\"https:\\\/\\\/desdunsullsdedona.cat\\\/index.php\\\/la-meva-visio\\\/#breadcrumb\"},\"inLanguage\":\"ca\",\"potentialAction\":[{\"@type\":\"ReadAction\",\"target\":[\"https:\\\/\\\/desdunsullsdedona.cat\\\/index.php\\\/la-meva-visio\\\/\"]}]},{\"@type\":\"ImageObject\",\"inLanguage\":\"ca\",\"@id\":\"https:\\\/\\\/desdunsullsdedona.cat\\\/index.php\\\/la-meva-visio\\\/#primaryimage\",\"url\":\"https:\\\/\\\/desdunsullsdedona.cat\\\/wp-content\\\/uploads\\\/2022\\\/10\\\/Silenci-liquid-5-scaled-e1744972891506.jpg\",\"contentUrl\":\"https:\\\/\\\/desdunsullsdedona.cat\\\/wp-content\\\/uploads\\\/2022\\\/10\\\/Silenci-liquid-5-scaled-e1744972891506.jpg\",\"width\":1080,\"height\":720,\"caption\":\"Dues rosselles flotant sobre l\u2019aigua, una gran i una petita, amb part submergida\"},{\"@type\":\"BreadcrumbList\",\"@id\":\"https:\\\/\\\/desdunsullsdedona.cat\\\/index.php\\\/la-meva-visio\\\/#breadcrumb\",\"itemListElement\":[{\"@type\":\"ListItem\",\"position\":1,\"name\":\"Inici\",\"item\":\"https:\\\/\\\/desdunsullsdedona.cat\\\/\"},{\"@type\":\"ListItem\",\"position\":2,\"name\":\"La meva visi\u00f3\"}]},{\"@type\":\"WebSite\",\"@id\":\"https:\\\/\\\/desdunsullsdedona.cat\\\/#website\",\"url\":\"https:\\\/\\\/desdunsullsdedona.cat\\\/\",\"name\":\"Des d'uns ulls de dona\",\"description\":\"Fotografia\",\"publisher\":{\"@id\":\"https:\\\/\\\/desdunsullsdedona.cat\\\/#\\\/schema\\\/person\\\/196a83ba901a7db86e6a281e2bd6a27c\"},\"potentialAction\":[{\"@type\":\"SearchAction\",\"target\":{\"@type\":\"EntryPoint\",\"urlTemplate\":\"https:\\\/\\\/desdunsullsdedona.cat\\\/?s={search_term_string}\"},\"query-input\":{\"@type\":\"PropertyValueSpecification\",\"valueRequired\":true,\"valueName\":\"search_term_string\"}}],\"inLanguage\":\"ca\"},{\"@type\":[\"Person\",\"Organization\"],\"@id\":\"https:\\\/\\\/desdunsullsdedona.cat\\\/#\\\/schema\\\/person\\\/196a83ba901a7db86e6a281e2bd6a27c\",\"name\":\"Carme Gotsens Vila\",\"image\":{\"@type\":\"ImageObject\",\"inLanguage\":\"ca\",\"@id\":\"https:\\\/\\\/desdunsullsdedona.cat\\\/wp-content\\\/uploads\\\/2025\\\/01\\\/cropped-sa.webp\",\"url\":\"https:\\\/\\\/desdunsullsdedona.cat\\\/wp-content\\\/uploads\\\/2025\\\/01\\\/cropped-sa.webp\",\"contentUrl\":\"https:\\\/\\\/desdunsullsdedona.cat\\\/wp-content\\\/uploads\\\/2025\\\/01\\\/cropped-sa.webp\",\"width\":500,\"height\":119,\"caption\":\"Carme Gotsens Vila\"},\"logo\":{\"@id\":\"https:\\\/\\\/desdunsullsdedona.cat\\\/wp-content\\\/uploads\\\/2025\\\/01\\\/cropped-sa.webp\"},\"sameAs\":[\"https:\\\/\\\/desdunsullsdedona.cat\"]}]}<\/script>\n<!-- \/ Yoast SEO plugin. -->","yoast_head_json":{"title":"La meva visi\u00f3 - Carme Gotsens Sobre mi\/Carme Gotsens-fot\u00f2grafa","description":"S\u00f3c Carme Gotsens, fot\u00f2grafa art\u00edstica. Busco transmetre emocions a trav\u00e9s d'imatges \u00edntimes i po\u00e8tiques i","robots":{"index":"index","follow":"follow","max-snippet":"max-snippet:-1","max-image-preview":"max-image-preview:large","max-video-preview":"max-video-preview:-1"},"canonical":"https:\/\/desdunsullsdedona.cat\/index.php\/la-meva-visio\/","og_locale":"ca_ES","og_type":"article","og_title":"La meva visi\u00f3 - Carme Gotsens Sobre mi\/Carme Gotsens-fot\u00f2grafa","og_description":"S\u00f3c Carme Gotsens, fot\u00f2grafa art\u00edstica. Busco transmetre emocions a trav\u00e9s d'imatges \u00edntimes i po\u00e8tiques i","og_url":"https:\/\/desdunsullsdedona.cat\/index.php\/la-meva-visio\/","og_site_name":"Carme Gotsens","article_modified_time":"2026-01-13T11:45:37+00:00","og_image":[{"width":1080,"height":720,"url":"https:\/\/desdunsullsdedona.cat\/wp-content\/uploads\/2022\/10\/Silenci-liquid-5-scaled-e1744972891506.jpg","type":"image\/jpeg"}],"twitter_card":"summary_large_image","twitter_misc":{"Temps estimat de lectura":"2 minuts"},"schema":{"@context":"https:\/\/schema.org","@graph":[{"@type":"WebPage","@id":"https:\/\/desdunsullsdedona.cat\/index.php\/la-meva-visio\/","url":"https:\/\/desdunsullsdedona.cat\/index.php\/la-meva-visio\/","name":"La meva visi\u00f3 - Carme Gotsens Sobre mi\/Carme Gotsens-fot\u00f2grafa","isPartOf":{"@id":"https:\/\/desdunsullsdedona.cat\/#website"},"primaryImageOfPage":{"@id":"https:\/\/desdunsullsdedona.cat\/index.php\/la-meva-visio\/#primaryimage"},"image":{"@id":"https:\/\/desdunsullsdedona.cat\/index.php\/la-meva-visio\/#primaryimage"},"thumbnailUrl":"https:\/\/desdunsullsdedona.cat\/wp-content\/uploads\/2022\/10\/Silenci-liquid-5-1024x683.jpg","datePublished":"2025-01-08T11:22:23+00:00","dateModified":"2026-01-13T11:45:37+00:00","description":"S\u00f3c Carme Gotsens, fot\u00f2grafa art\u00edstica. Busco transmetre emocions a trav\u00e9s d'imatges \u00edntimes i po\u00e8tiques i","breadcrumb":{"@id":"https:\/\/desdunsullsdedona.cat\/index.php\/la-meva-visio\/#breadcrumb"},"inLanguage":"ca","potentialAction":[{"@type":"ReadAction","target":["https:\/\/desdunsullsdedona.cat\/index.php\/la-meva-visio\/"]}]},{"@type":"ImageObject","inLanguage":"ca","@id":"https:\/\/desdunsullsdedona.cat\/index.php\/la-meva-visio\/#primaryimage","url":"https:\/\/desdunsullsdedona.cat\/wp-content\/uploads\/2022\/10\/Silenci-liquid-5-scaled-e1744972891506.jpg","contentUrl":"https:\/\/desdunsullsdedona.cat\/wp-content\/uploads\/2022\/10\/Silenci-liquid-5-scaled-e1744972891506.jpg","width":1080,"height":720,"caption":"Dues rosselles flotant sobre l\u2019aigua, una gran i una petita, amb part submergida"},{"@type":"BreadcrumbList","@id":"https:\/\/desdunsullsdedona.cat\/index.php\/la-meva-visio\/#breadcrumb","itemListElement":[{"@type":"ListItem","position":1,"name":"Inici","item":"https:\/\/desdunsullsdedona.cat\/"},{"@type":"ListItem","position":2,"name":"La meva visi\u00f3"}]},{"@type":"WebSite","@id":"https:\/\/desdunsullsdedona.cat\/#website","url":"https:\/\/desdunsullsdedona.cat\/","name":"Des d'uns ulls de dona","description":"Fotografia","publisher":{"@id":"https:\/\/desdunsullsdedona.cat\/#\/schema\/person\/196a83ba901a7db86e6a281e2bd6a27c"},"potentialAction":[{"@type":"SearchAction","target":{"@type":"EntryPoint","urlTemplate":"https:\/\/desdunsullsdedona.cat\/?s={search_term_string}"},"query-input":{"@type":"PropertyValueSpecification","valueRequired":true,"valueName":"search_term_string"}}],"inLanguage":"ca"},{"@type":["Person","Organization"],"@id":"https:\/\/desdunsullsdedona.cat\/#\/schema\/person\/196a83ba901a7db86e6a281e2bd6a27c","name":"Carme Gotsens Vila","image":{"@type":"ImageObject","inLanguage":"ca","@id":"https:\/\/desdunsullsdedona.cat\/wp-content\/uploads\/2025\/01\/cropped-sa.webp","url":"https:\/\/desdunsullsdedona.cat\/wp-content\/uploads\/2025\/01\/cropped-sa.webp","contentUrl":"https:\/\/desdunsullsdedona.cat\/wp-content\/uploads\/2025\/01\/cropped-sa.webp","width":500,"height":119,"caption":"Carme Gotsens Vila"},"logo":{"@id":"https:\/\/desdunsullsdedona.cat\/wp-content\/uploads\/2025\/01\/cropped-sa.webp"},"sameAs":["https:\/\/desdunsullsdedona.cat"]}]}},"_links":{"self":[{"href":"https:\/\/desdunsullsdedona.cat\/index.php\/wp-json\/wp\/v2\/pages\/2438","targetHints":{"allow":["GET"]}}],"collection":[{"href":"https:\/\/desdunsullsdedona.cat\/index.php\/wp-json\/wp\/v2\/pages"}],"about":[{"href":"https:\/\/desdunsullsdedona.cat\/index.php\/wp-json\/wp\/v2\/types\/page"}],"author":[{"embeddable":true,"href":"https:\/\/desdunsullsdedona.cat\/index.php\/wp-json\/wp\/v2\/users\/1"}],"replies":[{"embeddable":true,"href":"https:\/\/desdunsullsdedona.cat\/index.php\/wp-json\/wp\/v2\/comments?post=2438"}],"version-history":[{"count":18,"href":"https:\/\/desdunsullsdedona.cat\/index.php\/wp-json\/wp\/v2\/pages\/2438\/revisions"}],"predecessor-version":[{"id":3766,"href":"https:\/\/desdunsullsdedona.cat\/index.php\/wp-json\/wp\/v2\/pages\/2438\/revisions\/3766"}],"wp:attachment":[{"href":"https:\/\/desdunsullsdedona.cat\/index.php\/wp-json\/wp\/v2\/media?parent=2438"}],"curies":[{"name":"wp","href":"https:\/\/api.w.org\/{rel}","templated":true}]}}