{"id":2604,"date":"2025-01-19T22:29:19","date_gmt":"2025-01-19T22:29:19","guid":{"rendered":"https:\/\/desdunsullsdedona.cat\/?page_id=2604"},"modified":"2025-04-18T11:07:54","modified_gmt":"2025-04-18T11:07:54","slug":"poesia-del-silenci","status":"publish","type":"page","link":"https:\/\/desdunsullsdedona.cat\/index.php\/poesia-del-silenci\/","title":{"rendered":"Poesia del silenci"},"content":{"rendered":"\t\t<div data-elementor-type=\"wp-page\" data-elementor-id=\"2604\" class=\"elementor elementor-2604\" data-elementor-post-type=\"page\">\n\t\t\t\t\t\t<section class=\"elementor-section elementor-top-section elementor-element elementor-element-3933fb57 elementor-section-boxed elementor-section-height-default elementor-section-height-default\" data-id=\"3933fb57\" data-element_type=\"section\" data-e-type=\"section\">\n\t\t\t\t\t\t<div class=\"elementor-container elementor-column-gap-default\">\n\t\t\t\t\t<div class=\"elementor-column elementor-col-100 elementor-top-column elementor-element elementor-element-6b3f728\" data-id=\"6b3f728\" data-element_type=\"column\" data-e-type=\"column\">\n\t\t\t<div class=\"elementor-widget-wrap elementor-element-populated\">\n\t\t\t\t\t\t<div class=\"elementor-element elementor-element-54b4190a elementor-widget elementor-widget-text-editor\" data-id=\"54b4190a\" data-element_type=\"widget\" data-e-type=\"widget\" data-widget_type=\"text-editor.default\">\n\t\t\t\t<div class=\"elementor-widget-container\">\n\t\t\t\t\t\t\t\t\t\n<div id=\"wp-block-themeisle-blocks-advanced-columns-475cb9b8\" class=\"wp-block-themeisle-blocks-advanced-columns has-0-columns has-desktop-undefined-layout has-tablet-equal-layout has-mobile-equal-layout has-vertical-unset\"><div class=\"wp-block-themeisle-blocks-advanced-columns-overlay\"><\/div><div class=\"innerblocks-wrap\"><\/div><\/div>\n\t\t\t\t\t\t\t\t<\/div>\n\t\t\t\t<\/div>\n\t\t\t\t\t<\/div>\n\t\t<\/div>\n\t\t\t\t\t<\/div>\n\t\t<\/section>\n\t\t\t\t<section class=\"elementor-section elementor-top-section elementor-element elementor-element-384ac7d elementor-section-boxed elementor-section-height-default elementor-section-height-default\" data-id=\"384ac7d\" data-element_type=\"section\" data-e-type=\"section\">\n\t\t\t\t\t\t<div class=\"elementor-container elementor-column-gap-default\">\n\t\t\t\t\t<div class=\"elementor-column elementor-col-100 elementor-top-column elementor-element elementor-element-5f3aabd\" data-id=\"5f3aabd\" data-element_type=\"column\" data-e-type=\"column\">\n\t\t\t<div class=\"elementor-widget-wrap elementor-element-populated\">\n\t\t\t\t\t\t<div class=\"elementor-element elementor-element-9c1c4c3 elementor-widget-divider--view-line elementor-widget elementor-widget-divider\" data-id=\"9c1c4c3\" data-element_type=\"widget\" data-e-type=\"widget\" data-widget_type=\"divider.default\">\n\t\t\t\t<div class=\"elementor-widget-container\">\n\t\t\t\t\t\t\t<div class=\"elementor-divider\">\n\t\t\t<span class=\"elementor-divider-separator\">\n\t\t\t\t\t\t<\/span>\n\t\t<\/div>\n\t\t\t\t\t\t<\/div>\n\t\t\t\t<\/div>\n\t\t\t\t\t<\/div>\n\t\t<\/div>\n\t\t\t\t\t<\/div>\n\t\t<\/section>\n\t\t\t\t<section class=\"elementor-section elementor-top-section elementor-element elementor-element-ba462f0 elementor-section-boxed elementor-section-height-default elementor-section-height-default\" data-id=\"ba462f0\" data-element_type=\"section\" data-e-type=\"section\">\n\t\t\t\t\t\t<div class=\"elementor-container elementor-column-gap-default\">\n\t\t\t\t\t<div class=\"elementor-column elementor-col-100 elementor-top-column elementor-element elementor-element-4f3d036\" data-id=\"4f3d036\" data-element_type=\"column\" data-e-type=\"column\">\n\t\t\t<div class=\"elementor-widget-wrap elementor-element-populated\">\n\t\t\t\t\t\t<div class=\"elementor-element elementor-element-a0cda6f elementor-widget elementor-widget-text-editor\" data-id=\"a0cda6f\" data-element_type=\"widget\" data-e-type=\"widget\" data-widget_type=\"text-editor.default\">\n\t\t\t\t<div class=\"elementor-widget-container\">\n\t\t\t\t\t\t\t\t\t<p class=\"p1\">Hi ha silencis que no buiden, sin\u00f3 que omplen.<\/p>\n<p class=\"p1\">Espais on tot s\u2019atura i es fa m\u00e9s intens.<\/p>\n<p class=\"p1\">Aquesta s\u00e8rie \u00e9s una aproximaci\u00f3 al gest m\u00ednim, a la pres\u00e8ncia callada.<\/p>\n<p class=\"p1\">Les imatges s\u00f3n com respiracions lentes, com sospirs de llum.<\/p>\n<p class=\"p2\">Un di\u00e0leg amb el buit que ens habita i ens escolta.<\/p>\t\t\t\t\t\t\t\t<\/div>\n\t\t\t\t<\/div>\n\t\t\t\t<div class=\"elementor-element elementor-element-3144a64 elementor--h-position-center elementor--v-position-middle elementor-arrows-position-inside elementor-pagination-position-inside elementor-widget elementor-widget-slides\" data-id=\"3144a64\" data-element_type=\"widget\" data-e-type=\"widget\" data-settings=\"{&quot;navigation&quot;:&quot;both&quot;,&quot;autoplay&quot;:&quot;yes&quot;,&quot;pause_on_hover&quot;:&quot;yes&quot;,&quot;pause_on_interaction&quot;:&quot;yes&quot;,&quot;autoplay_speed&quot;:5000,&quot;infinite&quot;:&quot;yes&quot;,&quot;transition&quot;:&quot;slide&quot;,&quot;transition_speed&quot;:500}\" data-widget_type=\"slides.default\">\n\t\t\t\t<div class=\"elementor-widget-container\">\n\t\t\t\t\t\t\t\t\t<div class=\"elementor-swiper\">\n\t\t\t\t\t<div class=\"elementor-slides-wrapper elementor-main-swiper swiper\" role=\"region\" aria-roledescription=\"carousel\" aria-label=\"Diapositives\" dir=\"ltr\" data-animation=\"fadeInUp\">\n\t\t\t\t<div class=\"swiper-wrapper elementor-slides\">\n\t\t\t\t\t\t\t\t\t\t<div class=\"elementor-repeater-item-8e0494d swiper-slide\" role=\"group\" aria-roledescription=\"slide\"><div class=\"swiper-slide-bg\" role=\"img\" aria-label=\"Estri de pescar solitari sobre el mar ataronjat del capvespre.\"><\/div><div class=\"swiper-slide-inner\" ><div class=\"swiper-slide-contents\"><\/div><\/div><\/div><div class=\"elementor-repeater-item-8b12826 swiper-slide\" role=\"group\" aria-roledescription=\"slide\"><div class=\"swiper-slide-bg\" role=\"img\" aria-label=\"Sorra de platja amb salic\u00f2rnies i pedres blanques en composici\u00f3 pict\u00f2rica.\"><\/div><div class=\"swiper-slide-inner\" ><div class=\"swiper-slide-contents\"><\/div><\/div><\/div><div class=\"elementor-repeater-item-e48729c swiper-slide\" role=\"group\" aria-roledescription=\"slide\"><div class=\"swiper-slide-bg\" role=\"img\" aria-label=\"Estol d&#039;ocells sobrevolant la mar i les muntanyes al capvespre\"><\/div><div class=\"swiper-slide-inner\" ><div class=\"swiper-slide-contents\"><\/div><\/div><\/div><div class=\"elementor-repeater-item-ff914c6 swiper-slide\" role=\"group\" aria-roledescription=\"slide\"><div class=\"swiper-slide-bg\" role=\"img\" aria-label=\"Mar i cel fusionant-se en un horitz\u00f3 rosat intens amb estructures met\u00e0liques en forma de creu al mar\"><\/div><div class=\"swiper-slide-inner\" ><div class=\"swiper-slide-contents\"><\/div><\/div><\/div><div class=\"elementor-repeater-item-0ea1cd0 swiper-slide\" role=\"group\" aria-roledescription=\"slide\"><div class=\"swiper-slide-bg\" role=\"img\" aria-label=\"Marismes en tons grisos i composici\u00f3 minimalista\"><\/div><div class=\"swiper-slide-inner\" ><div class=\"swiper-slide-contents\"><\/div><\/div><\/div><div class=\"elementor-repeater-item-984f946 swiper-slide\" role=\"group\" aria-roledescription=\"slide\"><div class=\"swiper-slide-bg\" role=\"img\" aria-label=\"horitz\u00f3 de mar amb i cel amb colors suaus de posta de sol i una boia vermella surant al mar.\"><\/div><div class=\"swiper-slide-inner\" ><div class=\"swiper-slide-contents\"><\/div><\/div><\/div>\t\t\t\t<\/div>\n\t\t\t\t\t\t\t\t\t\t\t\t\t\t\t<div class=\"elementor-swiper-button elementor-swiper-button-prev\" role=\"button\" tabindex=\"0\" aria-label=\"Previous slide\">\n\t\t\t\t\t\t\t<i aria-hidden=\"true\" class=\"eicon-chevron-left\"><\/i>\t\t\t\t\t\t<\/div>\n\t\t\t\t\t\t<div class=\"elementor-swiper-button elementor-swiper-button-next\" role=\"button\" tabindex=\"0\" aria-label=\"Next slide\">\n\t\t\t\t\t\t\t<i aria-hidden=\"true\" class=\"eicon-chevron-right\"><\/i>\t\t\t\t\t\t<\/div>\n\t\t\t\t\t\t\t\t\t\t\t\t\t\t\t\t<div class=\"swiper-pagination\"><\/div>\n\t\t\t\t\t\t\t\t\t\t\t\t<\/div>\n\t\t\t\t<\/div>\n\t\t\t\t\t\t\t\t<\/div>\n\t\t\t\t<\/div>\n\t\t\t\t\t<\/div>\n\t\t<\/div>\n\t\t\t\t\t<\/div>\n\t\t<\/section>\n\t\t\t\t<section class=\"elementor-section elementor-top-section elementor-element elementor-element-61ff6cf elementor-section-boxed elementor-section-height-default elementor-section-height-default\" data-id=\"61ff6cf\" data-element_type=\"section\" data-e-type=\"section\">\n\t\t\t\t\t\t<div class=\"elementor-container elementor-column-gap-default\">\n\t\t\t\t\t<div class=\"elementor-column elementor-col-100 elementor-top-column elementor-element elementor-element-74825b0\" data-id=\"74825b0\" data-element_type=\"column\" data-e-type=\"column\">\n\t\t\t<div class=\"elementor-widget-wrap elementor-element-populated\">\n\t\t\t\t\t\t<div class=\"elementor-element elementor-element-91c907b elementor-widget elementor-widget-spacer\" data-id=\"91c907b\" data-element_type=\"widget\" data-e-type=\"widget\" data-widget_type=\"spacer.default\">\n\t\t\t\t<div class=\"elementor-widget-container\">\n\t\t\t\t\t\t\t<div class=\"elementor-spacer\">\n\t\t\t<div class=\"elementor-spacer-inner\"><\/div>\n\t\t<\/div>\n\t\t\t\t\t\t<\/div>\n\t\t\t\t<\/div>\n\t\t\t\t\t<\/div>\n\t\t<\/div>\n\t\t\t\t\t<\/div>\n\t\t<\/section>\n\t\t\t\t<section class=\"elementor-section elementor-top-section elementor-element elementor-element-2b9e578 elementor-section-boxed elementor-section-height-default elementor-section-height-default\" data-id=\"2b9e578\" data-element_type=\"section\" data-e-type=\"section\">\n\t\t\t\t\t\t<div class=\"elementor-container elementor-column-gap-default\">\n\t\t\t\t\t<div class=\"elementor-column elementor-col-100 elementor-top-column elementor-element elementor-element-a460e9d\" data-id=\"a460e9d\" data-element_type=\"column\" data-e-type=\"column\">\n\t\t\t<div class=\"elementor-widget-wrap elementor-element-populated\">\n\t\t\t\t\t\t<div class=\"elementor-element elementor-element-e6dddaa elementor-widget elementor-widget-text-editor\" data-id=\"e6dddaa\" data-element_type=\"widget\" data-e-type=\"widget\" data-widget_type=\"text-editor.default\">\n\t\t\t\t<div class=\"elementor-widget-container\">\n\t\t\t\t\t\t\t\t\t<p class=\"p1\"><i>Poesia del silenci<\/i> \u00e9s una s\u00e8rie fotogr\u00e0fica de Carme Gotsens Vila que busca capturar l\u2019ess\u00e8ncia del silenci a trav\u00e9s de composicions subtils i plenes de delicadesa. La seva proposta de fotografia art\u00edstica es basa en la contemplaci\u00f3, l\u2019espai i la llum, i convida l\u2019espectador a una experi\u00e8ncia \u00edntima i reflexiva. Un treball que combina emoci\u00f3 i abs\u00e8ncia des de la mirada po\u00e8tica.<\/p>\t\t\t\t\t\t\t\t<\/div>\n\t\t\t\t<\/div>\n\t\t\t\t\t<\/div>\n\t\t<\/div>\n\t\t\t\t\t<\/div>\n\t\t<\/section>\n\t\t\t\t<\/div>\n\t\t","protected":false},"excerpt":{"rendered":"<p>Hi ha silencis que no buiden, sin\u00f3 que omplen. Espais on tot s\u2019atura i es fa m\u00e9s intens. Aquesta s\u00e8rie \u00e9s una aproximaci\u00f3 al gest m\u00ednim, a la pres\u00e8ncia callada. Les imatges s\u00f3n com respiracions lentes, com sospirs de llum. Un di\u00e0leg amb el buit que ens habita i ens escolta. Poesia del silenci \u00e9s &#8230; <a title=\"Poesia del silenci\" class=\"read-more\" href=\"https:\/\/desdunsullsdedona.cat\/index.php\/poesia-del-silenci\/\" aria-label=\"M\u00e9s informaci\u00f3 sobre Poesia del silenci\">Llegiu m\u00e9s<\/a><\/p>\n","protected":false},"author":1,"featured_media":0,"parent":0,"menu_order":0,"comment_status":"closed","ping_status":"closed","template":"","meta":{"footnotes":""},"class_list":["post-2604","page","type-page","status-publish"],"yoast_head":"<!-- This site is optimized with the Yoast SEO plugin v27.4 - https:\/\/yoast.com\/product\/yoast-seo-wordpress\/ -->\n<title>Poesia del silenci - Carme Gotsens Poesia del silenci - fotograf\u00eda art\u00edstica del silenci<\/title>\n<meta name=\"description\" content=\"S\u00e8rie de fotograf\u00eda art\u00edstica del sileni que convida a mirar cap endins. Imatges fr\u00e0gil i po\u00e8tiques, carregades de llum i contemplaci\u00f3.\" \/>\n<meta name=\"robots\" content=\"index, follow, max-snippet:-1, max-image-preview:large, max-video-preview:-1\" \/>\n<link rel=\"canonical\" href=\"https:\/\/desdunsullsdedona.cat\/index.php\/poesia-del-silenci\/\" \/>\n<meta property=\"og:locale\" content=\"ca_ES\" \/>\n<meta property=\"og:type\" content=\"article\" \/>\n<meta property=\"og:title\" content=\"Poesia del silenci - Carme Gotsens Poesia del silenci - fotograf\u00eda art\u00edstica del silenci\" \/>\n<meta property=\"og:description\" content=\"S\u00e8rie de fotograf\u00eda art\u00edstica del sileni que convida a mirar cap endins. Imatges fr\u00e0gil i po\u00e8tiques, carregades de llum i contemplaci\u00f3.\" \/>\n<meta property=\"og:url\" content=\"https:\/\/desdunsullsdedona.cat\/index.php\/poesia-del-silenci\/\" \/>\n<meta property=\"og:site_name\" content=\"Carme Gotsens\" \/>\n<meta property=\"article:modified_time\" content=\"2025-04-18T11:07:54+00:00\" \/>\n<meta name=\"twitter:card\" content=\"summary_large_image\" \/>\n<meta name=\"twitter:label1\" content=\"Temps estimat de lectura\" \/>\n\t<meta name=\"twitter:data1\" content=\"1 minut\" \/>\n<script type=\"application\/ld+json\" class=\"yoast-schema-graph\">{\"@context\":\"https:\\\/\\\/schema.org\",\"@graph\":[{\"@type\":\"WebPage\",\"@id\":\"https:\\\/\\\/desdunsullsdedona.cat\\\/index.php\\\/poesia-del-silenci\\\/\",\"url\":\"https:\\\/\\\/desdunsullsdedona.cat\\\/index.php\\\/poesia-del-silenci\\\/\",\"name\":\"Poesia del silenci - Carme Gotsens Poesia del silenci - fotograf\u00eda art\u00edstica del silenci\",\"isPartOf\":{\"@id\":\"https:\\\/\\\/desdunsullsdedona.cat\\\/#website\"},\"datePublished\":\"2025-01-19T22:29:19+00:00\",\"dateModified\":\"2025-04-18T11:07:54+00:00\",\"description\":\"S\u00e8rie de fotograf\u00eda art\u00edstica del sileni que convida a mirar cap endins. Imatges fr\u00e0gil i po\u00e8tiques, carregades de llum i contemplaci\u00f3.\",\"breadcrumb\":{\"@id\":\"https:\\\/\\\/desdunsullsdedona.cat\\\/index.php\\\/poesia-del-silenci\\\/#breadcrumb\"},\"inLanguage\":\"ca\",\"potentialAction\":[{\"@type\":\"ReadAction\",\"target\":[\"https:\\\/\\\/desdunsullsdedona.cat\\\/index.php\\\/poesia-del-silenci\\\/\"]}]},{\"@type\":\"BreadcrumbList\",\"@id\":\"https:\\\/\\\/desdunsullsdedona.cat\\\/index.php\\\/poesia-del-silenci\\\/#breadcrumb\",\"itemListElement\":[{\"@type\":\"ListItem\",\"position\":1,\"name\":\"Inici\",\"item\":\"https:\\\/\\\/desdunsullsdedona.cat\\\/\"},{\"@type\":\"ListItem\",\"position\":2,\"name\":\"Poesia del silenci\"}]},{\"@type\":\"WebSite\",\"@id\":\"https:\\\/\\\/desdunsullsdedona.cat\\\/#website\",\"url\":\"https:\\\/\\\/desdunsullsdedona.cat\\\/\",\"name\":\"Des d'uns ulls de dona\",\"description\":\"Fotografia\",\"publisher\":{\"@id\":\"https:\\\/\\\/desdunsullsdedona.cat\\\/#\\\/schema\\\/person\\\/196a83ba901a7db86e6a281e2bd6a27c\"},\"potentialAction\":[{\"@type\":\"SearchAction\",\"target\":{\"@type\":\"EntryPoint\",\"urlTemplate\":\"https:\\\/\\\/desdunsullsdedona.cat\\\/?s={search_term_string}\"},\"query-input\":{\"@type\":\"PropertyValueSpecification\",\"valueRequired\":true,\"valueName\":\"search_term_string\"}}],\"inLanguage\":\"ca\"},{\"@type\":[\"Person\",\"Organization\"],\"@id\":\"https:\\\/\\\/desdunsullsdedona.cat\\\/#\\\/schema\\\/person\\\/196a83ba901a7db86e6a281e2bd6a27c\",\"name\":\"Carme Gotsens Vila\",\"image\":{\"@type\":\"ImageObject\",\"inLanguage\":\"ca\",\"@id\":\"https:\\\/\\\/desdunsullsdedona.cat\\\/wp-content\\\/uploads\\\/2025\\\/01\\\/cropped-sa.webp\",\"url\":\"https:\\\/\\\/desdunsullsdedona.cat\\\/wp-content\\\/uploads\\\/2025\\\/01\\\/cropped-sa.webp\",\"contentUrl\":\"https:\\\/\\\/desdunsullsdedona.cat\\\/wp-content\\\/uploads\\\/2025\\\/01\\\/cropped-sa.webp\",\"width\":500,\"height\":119,\"caption\":\"Carme Gotsens Vila\"},\"logo\":{\"@id\":\"https:\\\/\\\/desdunsullsdedona.cat\\\/wp-content\\\/uploads\\\/2025\\\/01\\\/cropped-sa.webp\"},\"sameAs\":[\"https:\\\/\\\/desdunsullsdedona.cat\"]}]}<\/script>\n<!-- \/ Yoast SEO plugin. -->","yoast_head_json":{"title":"Poesia del silenci - Carme Gotsens Poesia del silenci - fotograf\u00eda art\u00edstica del silenci","description":"S\u00e8rie de fotograf\u00eda art\u00edstica del sileni que convida a mirar cap endins. Imatges fr\u00e0gil i po\u00e8tiques, carregades de llum i contemplaci\u00f3.","robots":{"index":"index","follow":"follow","max-snippet":"max-snippet:-1","max-image-preview":"max-image-preview:large","max-video-preview":"max-video-preview:-1"},"canonical":"https:\/\/desdunsullsdedona.cat\/index.php\/poesia-del-silenci\/","og_locale":"ca_ES","og_type":"article","og_title":"Poesia del silenci - Carme Gotsens Poesia del silenci - fotograf\u00eda art\u00edstica del silenci","og_description":"S\u00e8rie de fotograf\u00eda art\u00edstica del sileni que convida a mirar cap endins. Imatges fr\u00e0gil i po\u00e8tiques, carregades de llum i contemplaci\u00f3.","og_url":"https:\/\/desdunsullsdedona.cat\/index.php\/poesia-del-silenci\/","og_site_name":"Carme Gotsens","article_modified_time":"2025-04-18T11:07:54+00:00","twitter_card":"summary_large_image","twitter_misc":{"Temps estimat de lectura":"1 minut"},"schema":{"@context":"https:\/\/schema.org","@graph":[{"@type":"WebPage","@id":"https:\/\/desdunsullsdedona.cat\/index.php\/poesia-del-silenci\/","url":"https:\/\/desdunsullsdedona.cat\/index.php\/poesia-del-silenci\/","name":"Poesia del silenci - Carme Gotsens Poesia del silenci - fotograf\u00eda art\u00edstica del silenci","isPartOf":{"@id":"https:\/\/desdunsullsdedona.cat\/#website"},"datePublished":"2025-01-19T22:29:19+00:00","dateModified":"2025-04-18T11:07:54+00:00","description":"S\u00e8rie de fotograf\u00eda art\u00edstica del sileni que convida a mirar cap endins. Imatges fr\u00e0gil i po\u00e8tiques, carregades de llum i contemplaci\u00f3.","breadcrumb":{"@id":"https:\/\/desdunsullsdedona.cat\/index.php\/poesia-del-silenci\/#breadcrumb"},"inLanguage":"ca","potentialAction":[{"@type":"ReadAction","target":["https:\/\/desdunsullsdedona.cat\/index.php\/poesia-del-silenci\/"]}]},{"@type":"BreadcrumbList","@id":"https:\/\/desdunsullsdedona.cat\/index.php\/poesia-del-silenci\/#breadcrumb","itemListElement":[{"@type":"ListItem","position":1,"name":"Inici","item":"https:\/\/desdunsullsdedona.cat\/"},{"@type":"ListItem","position":2,"name":"Poesia del silenci"}]},{"@type":"WebSite","@id":"https:\/\/desdunsullsdedona.cat\/#website","url":"https:\/\/desdunsullsdedona.cat\/","name":"Des d'uns ulls de dona","description":"Fotografia","publisher":{"@id":"https:\/\/desdunsullsdedona.cat\/#\/schema\/person\/196a83ba901a7db86e6a281e2bd6a27c"},"potentialAction":[{"@type":"SearchAction","target":{"@type":"EntryPoint","urlTemplate":"https:\/\/desdunsullsdedona.cat\/?s={search_term_string}"},"query-input":{"@type":"PropertyValueSpecification","valueRequired":true,"valueName":"search_term_string"}}],"inLanguage":"ca"},{"@type":["Person","Organization"],"@id":"https:\/\/desdunsullsdedona.cat\/#\/schema\/person\/196a83ba901a7db86e6a281e2bd6a27c","name":"Carme Gotsens Vila","image":{"@type":"ImageObject","inLanguage":"ca","@id":"https:\/\/desdunsullsdedona.cat\/wp-content\/uploads\/2025\/01\/cropped-sa.webp","url":"https:\/\/desdunsullsdedona.cat\/wp-content\/uploads\/2025\/01\/cropped-sa.webp","contentUrl":"https:\/\/desdunsullsdedona.cat\/wp-content\/uploads\/2025\/01\/cropped-sa.webp","width":500,"height":119,"caption":"Carme Gotsens Vila"},"logo":{"@id":"https:\/\/desdunsullsdedona.cat\/wp-content\/uploads\/2025\/01\/cropped-sa.webp"},"sameAs":["https:\/\/desdunsullsdedona.cat"]}]}},"_links":{"self":[{"href":"https:\/\/desdunsullsdedona.cat\/index.php\/wp-json\/wp\/v2\/pages\/2604","targetHints":{"allow":["GET"]}}],"collection":[{"href":"https:\/\/desdunsullsdedona.cat\/index.php\/wp-json\/wp\/v2\/pages"}],"about":[{"href":"https:\/\/desdunsullsdedona.cat\/index.php\/wp-json\/wp\/v2\/types\/page"}],"author":[{"embeddable":true,"href":"https:\/\/desdunsullsdedona.cat\/index.php\/wp-json\/wp\/v2\/users\/1"}],"replies":[{"embeddable":true,"href":"https:\/\/desdunsullsdedona.cat\/index.php\/wp-json\/wp\/v2\/comments?post=2604"}],"version-history":[{"count":0,"href":"https:\/\/desdunsullsdedona.cat\/index.php\/wp-json\/wp\/v2\/pages\/2604\/revisions"}],"wp:attachment":[{"href":"https:\/\/desdunsullsdedona.cat\/index.php\/wp-json\/wp\/v2\/media?parent=2604"}],"curies":[{"name":"wp","href":"https:\/\/api.w.org\/{rel}","templated":true}]}}