{"id":368,"date":"2020-04-18T16:30:58","date_gmt":"2020-04-18T16:30:58","guid":{"rendered":"http:\/\/desdunsullsdedona.cat\/?page_id=368"},"modified":"2025-04-22T16:39:57","modified_gmt":"2025-04-22T16:39:57","slug":"la-cara-oculta","status":"publish","type":"page","link":"https:\/\/desdunsullsdedona.cat\/index.php\/la-cara-oculta\/","title":{"rendered":"La cara oculta"},"content":{"rendered":"\t\t<div data-elementor-type=\"wp-page\" data-elementor-id=\"368\" class=\"elementor elementor-368\" data-elementor-post-type=\"page\">\n\t\t\t\t\t\t<section class=\"elementor-section elementor-top-section elementor-element elementor-element-2e66fe63 elementor-section-height-min-height elementor-section-boxed elementor-section-height-default elementor-section-items-middle\" data-id=\"2e66fe63\" data-element_type=\"section\" data-e-type=\"section\">\n\t\t\t\t\t\t<div class=\"elementor-container elementor-column-gap-default\">\n\t\t\t\t\t<div class=\"elementor-column elementor-col-100 elementor-top-column elementor-element elementor-element-59dd4453\" data-id=\"59dd4453\" data-element_type=\"column\" data-e-type=\"column\">\n\t\t\t<div class=\"elementor-widget-wrap elementor-element-populated\">\n\t\t\t\t\t\t<div class=\"elementor-element elementor-element-fbac2cf elementor-widget elementor-widget-spacer\" data-id=\"fbac2cf\" data-element_type=\"widget\" data-e-type=\"widget\" data-widget_type=\"spacer.default\">\n\t\t\t\t<div class=\"elementor-widget-container\">\n\t\t\t\t\t\t\t<div class=\"elementor-spacer\">\n\t\t\t<div class=\"elementor-spacer-inner\"><\/div>\n\t\t<\/div>\n\t\t\t\t\t\t<\/div>\n\t\t\t\t<\/div>\n\t\t\t\t<div class=\"elementor-element elementor-element-104bfe7f elementor-widget__width-initial elementor-widget elementor-widget-text-editor\" data-id=\"104bfe7f\" data-element_type=\"widget\" data-e-type=\"widget\" data-widget_type=\"text-editor.default\">\n\t\t\t\t<div class=\"elementor-widget-container\">\n\t\t\t\t\t\t\t\t\t<p class=\"p1\">Hi ha una m\u00e0gia que nom\u00e9s s\u2019activa quan mirem d\u2019una altra manera. Quan deixem de veure el que creiem saber.<\/p><p class=\"p1\">En aquesta s\u00e8rie, les fruites i verdures abandonen el seu nom i esdevenen formes, relleus, pres\u00e8ncies desconegudes.<\/p><p class=\"p1\">Un alvocat pot ser un cos sideral. Una ceba, un paisatge.<\/p><p class=\"p1\">Com la Lluna, que amaga un rostre que no podem veure, els objectes m\u00e9s quotidians tamb\u00e9 guarden una cara oculta.<\/p><p class=\"p1\">Nom\u00e9s cal canviar la mirada per descobrir-ne el misteri.<\/p>\t\t\t\t\t\t\t\t<\/div>\n\t\t\t\t<\/div>\n\t\t\t\t\t<\/div>\n\t\t<\/div>\n\t\t\t\t\t<\/div>\n\t\t<\/section>\n\t\t\t\t<section class=\"elementor-section elementor-top-section elementor-element elementor-element-63576ac elementor-section-boxed elementor-section-height-default elementor-section-height-default\" data-id=\"63576ac\" data-element_type=\"section\" data-e-type=\"section\">\n\t\t\t\t\t\t<div class=\"elementor-container elementor-column-gap-default\">\n\t\t\t\t\t<div class=\"elementor-column elementor-col-100 elementor-top-column elementor-element elementor-element-1cbbcd5\" data-id=\"1cbbcd5\" data-element_type=\"column\" data-e-type=\"column\">\n\t\t\t<div class=\"elementor-widget-wrap\">\n\t\t\t\t\t\t\t<\/div>\n\t\t<\/div>\n\t\t\t\t\t<\/div>\n\t\t<\/section>\n\t\t\t\t<section class=\"elementor-section elementor-top-section elementor-element elementor-element-7a6f903 elementor-section-boxed elementor-section-height-default elementor-section-height-default\" data-id=\"7a6f903\" data-element_type=\"section\" data-e-type=\"section\">\n\t\t\t\t\t\t<div class=\"elementor-container elementor-column-gap-default\">\n\t\t\t\t\t<div class=\"elementor-column elementor-col-100 elementor-top-column elementor-element elementor-element-8cdc2af\" data-id=\"8cdc2af\" data-element_type=\"column\" data-e-type=\"column\">\n\t\t\t<div class=\"elementor-widget-wrap elementor-element-populated\">\n\t\t\t\t\t\t<div class=\"elementor-element elementor-element-d58a510 gallery-spacing-custom elementor-widget elementor-widget-image-gallery\" data-id=\"d58a510\" data-element_type=\"widget\" data-e-type=\"widget\" data-widget_type=\"image-gallery.default\">\n\t\t\t\t<div class=\"elementor-widget-container\">\n\t\t\t\t\t\t\t<div class=\"elementor-image-gallery\">\n\t\t\t<div id='gallery-1' class='gallery galleryid-368 gallery-columns-3 gallery-size-full'><figure class='gallery-item'>\n\t\t\t<div class='gallery-icon landscape'>\n\t\t\t\t<a  href='https:\/\/desdunsullsdedona.cat\/wp-content\/uploads\/2020\/04\/01.jpg'><img fetchpriority=\"high\" decoding=\"async\" width=\"720\" height=\"720\" src=\"https:\/\/desdunsullsdedona.cat\/wp-content\/uploads\/2020\/04\/01.jpg\" class=\"attachment-full size-full\" alt=\"\u2019un cabras\u00f3 en blanc i negre, que recorda una explosi\u00f3 o la superf\u00edcie d\u2019un astre.\" srcset=\"https:\/\/desdunsullsdedona.cat\/wp-content\/uploads\/2020\/04\/01.jpg 720w, https:\/\/desdunsullsdedona.cat\/wp-content\/uploads\/2020\/04\/01-300x300.jpg 300w, https:\/\/desdunsullsdedona.cat\/wp-content\/uploads\/2020\/04\/01-150x150.jpg 150w\" sizes=\"(max-width: 720px) 100vw, 720px\" \/><\/a>\n\t\t\t<\/div><\/figure><figure class='gallery-item'>\n\t\t\t<div class='gallery-icon landscape'>\n\t\t\t\t<a  href='https:\/\/desdunsullsdedona.cat\/wp-content\/uploads\/2020\/04\/02.jpg'><img decoding=\"async\" width=\"720\" height=\"720\" src=\"https:\/\/desdunsullsdedona.cat\/wp-content\/uploads\/2020\/04\/02.jpg\" class=\"attachment-full size-full\" alt=\"Detall d\u2019un porro, les arreas esteses que recorden una anemona marina.\" srcset=\"https:\/\/desdunsullsdedona.cat\/wp-content\/uploads\/2020\/04\/02.jpg 720w, https:\/\/desdunsullsdedona.cat\/wp-content\/uploads\/2020\/04\/02-300x300.jpg 300w, https:\/\/desdunsullsdedona.cat\/wp-content\/uploads\/2020\/04\/02-150x150.jpg 150w\" sizes=\"(max-width: 720px) 100vw, 720px\" \/><\/a>\n\t\t\t<\/div><\/figure><figure class='gallery-item'>\n\t\t\t<div class='gallery-icon landscape'>\n\t\t\t\t<a  href='https:\/\/desdunsullsdedona.cat\/wp-content\/uploads\/2020\/04\/03.jpg'><img decoding=\"async\" width=\"720\" height=\"720\" src=\"https:\/\/desdunsullsdedona.cat\/wp-content\/uploads\/2020\/04\/03.jpg\" class=\"attachment-full size-full\" alt=\"Fotografia d\u2019una magrana sencera vista des de dalt, amb la corona vegetal al centre com una estrella.\" srcset=\"https:\/\/desdunsullsdedona.cat\/wp-content\/uploads\/2020\/04\/03.jpg 720w, https:\/\/desdunsullsdedona.cat\/wp-content\/uploads\/2020\/04\/03-300x300.jpg 300w, https:\/\/desdunsullsdedona.cat\/wp-content\/uploads\/2020\/04\/03-150x150.jpg 150w\" sizes=\"(max-width: 720px) 100vw, 720px\" \/><\/a>\n\t\t\t<\/div><\/figure><figure class='gallery-item'>\n\t\t\t<div class='gallery-icon landscape'>\n\t\t\t\t<a  href='https:\/\/desdunsullsdedona.cat\/wp-content\/uploads\/2020\/04\/09.jpg'><img loading=\"lazy\" decoding=\"async\" width=\"720\" height=\"720\" src=\"https:\/\/desdunsullsdedona.cat\/wp-content\/uploads\/2020\/04\/09.jpg\" class=\"attachment-full size-full\" alt=\"Vista zenital d\u2019un albocat que recorda un planeta o cos celeste amb una superf\u00edcie rugosa.\" srcset=\"https:\/\/desdunsullsdedona.cat\/wp-content\/uploads\/2020\/04\/09.jpg 720w, https:\/\/desdunsullsdedona.cat\/wp-content\/uploads\/2020\/04\/09-300x300.jpg 300w, https:\/\/desdunsullsdedona.cat\/wp-content\/uploads\/2020\/04\/09-150x150.jpg 150w\" sizes=\"(max-width: 720px) 100vw, 720px\" \/><\/a>\n\t\t\t<\/div><\/figure><figure class='gallery-item'>\n\t\t\t<div class='gallery-icon landscape'>\n\t\t\t\t<a  href='https:\/\/desdunsullsdedona.cat\/wp-content\/uploads\/2020\/04\/04.jpg'><img loading=\"lazy\" decoding=\"async\" width=\"720\" height=\"720\" src=\"https:\/\/desdunsullsdedona.cat\/wp-content\/uploads\/2020\/04\/04.jpg\" class=\"attachment-full size-full\" alt=\"Un kiwi vist des de dalt, en blanc i negre, amb una textura suau i empolsinada.\" srcset=\"https:\/\/desdunsullsdedona.cat\/wp-content\/uploads\/2020\/04\/04.jpg 720w, https:\/\/desdunsullsdedona.cat\/wp-content\/uploads\/2020\/04\/04-300x300.jpg 300w, https:\/\/desdunsullsdedona.cat\/wp-content\/uploads\/2020\/04\/04-150x150.jpg 150w\" sizes=\"(max-width: 720px) 100vw, 720px\" \/><\/a>\n\t\t\t<\/div><\/figure><figure class='gallery-item'>\n\t\t\t<div class='gallery-icon landscape'>\n\t\t\t\t<a  href='https:\/\/desdunsullsdedona.cat\/wp-content\/uploads\/2020\/04\/06.jpg'><img loading=\"lazy\" decoding=\"async\" width=\"720\" height=\"720\" src=\"https:\/\/desdunsullsdedona.cat\/wp-content\/uploads\/2020\/04\/06.jpg\" class=\"attachment-full size-full\" alt=\"Fotografia zenital d\u2019una nou, les nervadures de la qual recorden una estructura cerebral.\" srcset=\"https:\/\/desdunsullsdedona.cat\/wp-content\/uploads\/2020\/04\/06.jpg 720w, https:\/\/desdunsullsdedona.cat\/wp-content\/uploads\/2020\/04\/06-300x300.jpg 300w, https:\/\/desdunsullsdedona.cat\/wp-content\/uploads\/2020\/04\/06-150x150.jpg 150w\" sizes=\"(max-width: 720px) 100vw, 720px\" \/><\/a>\n\t\t\t<\/div><\/figure><figure class='gallery-item'>\n\t\t\t<div class='gallery-icon landscape'>\n\t\t\t\t<a  href='https:\/\/desdunsullsdedona.cat\/wp-content\/uploads\/2020\/04\/07.jpg'><img loading=\"lazy\" decoding=\"async\" width=\"720\" height=\"720\" src=\"https:\/\/desdunsullsdedona.cat\/wp-content\/uploads\/2020\/04\/07.jpg\" class=\"attachment-full size-full\" alt=\"Detall d\u2019una maduixa, on es veuen les llavors com petits cr\u00e0ters sobre la superf\u00edcie.\" srcset=\"https:\/\/desdunsullsdedona.cat\/wp-content\/uploads\/2020\/04\/07.jpg 720w, https:\/\/desdunsullsdedona.cat\/wp-content\/uploads\/2020\/04\/07-300x300.jpg 300w, https:\/\/desdunsullsdedona.cat\/wp-content\/uploads\/2020\/04\/07-150x150.jpg 150w\" sizes=\"(max-width: 720px) 100vw, 720px\" \/><\/a>\n\t\t\t<\/div><\/figure><figure class='gallery-item'>\n\t\t\t<div class='gallery-icon landscape'>\n\t\t\t\t<a  href='https:\/\/desdunsullsdedona.cat\/wp-content\/uploads\/2020\/04\/05-1.jpg'><img loading=\"lazy\" decoding=\"async\" width=\"720\" height=\"720\" src=\"https:\/\/desdunsullsdedona.cat\/wp-content\/uploads\/2020\/04\/05-1.jpg\" class=\"attachment-full size-full\" alt=\"Una col de Brussel\u00b7les arrugada, amb textures que recorden teixits o pergamins antics.\" srcset=\"https:\/\/desdunsullsdedona.cat\/wp-content\/uploads\/2020\/04\/05-1.jpg 720w, https:\/\/desdunsullsdedona.cat\/wp-content\/uploads\/2020\/04\/05-1-300x300.jpg 300w, https:\/\/desdunsullsdedona.cat\/wp-content\/uploads\/2020\/04\/05-1-150x150.jpg 150w\" sizes=\"(max-width: 720px) 100vw, 720px\" \/><\/a>\n\t\t\t<\/div><\/figure><figure class='gallery-item'>\n\t\t\t<div class='gallery-icon landscape'>\n\t\t\t\t<a  href='https:\/\/desdunsullsdedona.cat\/wp-content\/uploads\/2020\/04\/08.jpg'><img loading=\"lazy\" decoding=\"async\" width=\"720\" height=\"720\" src=\"https:\/\/desdunsullsdedona.cat\/wp-content\/uploads\/2020\/04\/08.jpg\" class=\"attachment-full size-full\" alt=\"Detall d\u2019una carxofa amb patrons hexagonals a la superf\u00edcie.\" srcset=\"https:\/\/desdunsullsdedona.cat\/wp-content\/uploads\/2020\/04\/08.jpg 720w, https:\/\/desdunsullsdedona.cat\/wp-content\/uploads\/2020\/04\/08-300x300.jpg 300w, https:\/\/desdunsullsdedona.cat\/wp-content\/uploads\/2020\/04\/08-150x150.jpg 150w\" sizes=\"(max-width: 720px) 100vw, 720px\" \/><\/a>\n\t\t\t<\/div><\/figure>\n\t\t<\/div>\n\t\t<\/div>\n\t\t\t\t\t\t<\/div>\n\t\t\t\t<\/div>\n\t\t\t\t<div class=\"elementor-element elementor-element-f5b6428 elementor-widget elementor-widget-spacer\" data-id=\"f5b6428\" data-element_type=\"widget\" data-e-type=\"widget\" data-widget_type=\"spacer.default\">\n\t\t\t\t<div class=\"elementor-widget-container\">\n\t\t\t\t\t\t\t<div class=\"elementor-spacer\">\n\t\t\t<div class=\"elementor-spacer-inner\"><\/div>\n\t\t<\/div>\n\t\t\t\t\t\t<\/div>\n\t\t\t\t<\/div>\n\t\t\t\t\t<\/div>\n\t\t<\/div>\n\t\t\t\t\t<\/div>\n\t\t<\/section>\n\t\t\t\t<section class=\"elementor-section elementor-top-section elementor-element elementor-element-fbb2bf9 elementor-section-boxed elementor-section-height-default elementor-section-height-default\" data-id=\"fbb2bf9\" data-element_type=\"section\" data-e-type=\"section\">\n\t\t\t\t\t\t<div class=\"elementor-container elementor-column-gap-default\">\n\t\t\t\t\t<div class=\"elementor-column elementor-col-100 elementor-top-column elementor-element elementor-element-725078f\" data-id=\"725078f\" data-element_type=\"column\" data-e-type=\"column\">\n\t\t\t<div class=\"elementor-widget-wrap elementor-element-populated\">\n\t\t\t\t\t\t<div class=\"elementor-element elementor-element-9492fad elementor-widget elementor-widget-text-editor\" data-id=\"9492fad\" data-element_type=\"widget\" data-e-type=\"widget\" data-widget_type=\"text-editor.default\">\n\t\t\t\t<div class=\"elementor-widget-container\">\n\t\t\t\t\t\t\t\t\t<p class=\"p1\"><i>La cara oculta<\/i> \u00e9s una s\u00e8rie fotogr\u00e0fica de Carme Gotsens Vila realitzada dins del projecte fotogr\u00e0fic d\u2019autor del Pati Llimona. A partir d\u2019un joc de descontextualitzaci\u00f3 i canvi de perspectiva, objectes quotidians com fruites i verdures es transformen en formes abstractes i suggerents. Aquesta mirada experimental convida a descobrir el potencial simb\u00f2lic i visual del que ens envolta, obrint pas a la fantasia i a la sorpresa a trav\u00e9s de la fotografia art\u00edstica.<\/p>\t\t\t\t\t\t\t\t<\/div>\n\t\t\t\t<\/div>\n\t\t\t\t\t<\/div>\n\t\t<\/div>\n\t\t\t\t\t<\/div>\n\t\t<\/section>\n\t\t\t\t<\/div>\n\t\t","protected":false},"excerpt":{"rendered":"<p>Hi ha una m\u00e0gia que nom\u00e9s s\u2019activa quan mirem d\u2019una altra manera. Quan deixem de veure el que creiem saber. En aquesta s\u00e8rie, les fruites i verdures abandonen el seu nom i esdevenen formes, relleus, pres\u00e8ncies desconegudes. Un alvocat pot ser un cos sideral. Una ceba, un paisatge. Com la Lluna, que amaga un rostre &#8230; <a title=\"La cara oculta\" class=\"read-more\" href=\"https:\/\/desdunsullsdedona.cat\/index.php\/la-cara-oculta\/\" aria-label=\"M\u00e9s informaci\u00f3 sobre La cara oculta\">Llegiu m\u00e9s<\/a><\/p>\n","protected":false},"author":1,"featured_media":0,"parent":0,"menu_order":0,"comment_status":"closed","ping_status":"closed","template":"","meta":{"footnotes":""},"class_list":["post-368","page","type-page","status-publish"],"yoast_head":"<!-- This site is optimized with the Yoast SEO plugin v27.4 - https:\/\/yoast.com\/product\/yoast-seo-wordpress\/ -->\n<title>La cara oculta - Carme Gotsens<\/title>\n<meta name=\"robots\" content=\"index, follow, max-snippet:-1, max-image-preview:large, max-video-preview:-1\" \/>\n<link rel=\"canonical\" href=\"https:\/\/desdunsullsdedona.cat\/index.php\/projectes__trashed\/la-cara-oculta\/\" \/>\n<meta property=\"og:locale\" content=\"ca_ES\" \/>\n<meta property=\"og:type\" content=\"article\" \/>\n<meta property=\"og:title\" content=\"La cara oculta - Carme Gotsens\" \/>\n<meta property=\"og:description\" content=\"Hi ha una m\u00e0gia que nom\u00e9s s\u2019activa quan mirem d\u2019una altra manera. Quan deixem de veure el que creiem saber. En aquesta s\u00e8rie, les fruites i verdures abandonen el seu nom i esdevenen formes, relleus, pres\u00e8ncies desconegudes. Un alvocat pot ser un cos sideral. Una ceba, un paisatge. Com la Lluna, que amaga un rostre ... Llegiu m\u00e9s\" \/>\n<meta property=\"og:url\" content=\"https:\/\/desdunsullsdedona.cat\/index.php\/projectes__trashed\/la-cara-oculta\/\" \/>\n<meta property=\"og:site_name\" content=\"Carme Gotsens\" \/>\n<meta property=\"article:modified_time\" content=\"2025-04-22T16:39:57+00:00\" \/>\n<meta property=\"og:image\" content=\"https:\/\/desdunsullsdedona.cat\/wp-content\/uploads\/2020\/04\/01.jpg\" \/>\n<meta name=\"twitter:card\" content=\"summary_large_image\" \/>\n<meta name=\"twitter:label1\" content=\"Temps estimat de lectura\" \/>\n\t<meta name=\"twitter:data1\" content=\"3 minuts\" \/>\n<script type=\"application\/ld+json\" class=\"yoast-schema-graph\">{\"@context\":\"https:\\\/\\\/schema.org\",\"@graph\":[{\"@type\":\"WebPage\",\"@id\":\"https:\\\/\\\/desdunsullsdedona.cat\\\/index.php\\\/projectes__trashed\\\/la-cara-oculta\\\/\",\"url\":\"https:\\\/\\\/desdunsullsdedona.cat\\\/index.php\\\/projectes__trashed\\\/la-cara-oculta\\\/\",\"name\":\"La cara oculta - Carme Gotsens\",\"isPartOf\":{\"@id\":\"https:\\\/\\\/desdunsullsdedona.cat\\\/#website\"},\"primaryImageOfPage\":{\"@id\":\"https:\\\/\\\/desdunsullsdedona.cat\\\/index.php\\\/projectes__trashed\\\/la-cara-oculta\\\/#primaryimage\"},\"image\":{\"@id\":\"https:\\\/\\\/desdunsullsdedona.cat\\\/index.php\\\/projectes__trashed\\\/la-cara-oculta\\\/#primaryimage\"},\"thumbnailUrl\":\"https:\\\/\\\/desdunsullsdedona.cat\\\/wp-content\\\/uploads\\\/2020\\\/04\\\/01.jpg\",\"datePublished\":\"2020-04-18T16:30:58+00:00\",\"dateModified\":\"2025-04-22T16:39:57+00:00\",\"breadcrumb\":{\"@id\":\"https:\\\/\\\/desdunsullsdedona.cat\\\/index.php\\\/projectes__trashed\\\/la-cara-oculta\\\/#breadcrumb\"},\"inLanguage\":\"ca\",\"potentialAction\":[{\"@type\":\"ReadAction\",\"target\":[\"https:\\\/\\\/desdunsullsdedona.cat\\\/index.php\\\/projectes__trashed\\\/la-cara-oculta\\\/\"]}]},{\"@type\":\"ImageObject\",\"inLanguage\":\"ca\",\"@id\":\"https:\\\/\\\/desdunsullsdedona.cat\\\/index.php\\\/projectes__trashed\\\/la-cara-oculta\\\/#primaryimage\",\"url\":\"https:\\\/\\\/desdunsullsdedona.cat\\\/wp-content\\\/uploads\\\/2020\\\/04\\\/01.jpg\",\"contentUrl\":\"https:\\\/\\\/desdunsullsdedona.cat\\\/wp-content\\\/uploads\\\/2020\\\/04\\\/01.jpg\"},{\"@type\":\"BreadcrumbList\",\"@id\":\"https:\\\/\\\/desdunsullsdedona.cat\\\/index.php\\\/projectes__trashed\\\/la-cara-oculta\\\/#breadcrumb\",\"itemListElement\":[{\"@type\":\"ListItem\",\"position\":1,\"name\":\"Inici\",\"item\":\"https:\\\/\\\/desdunsullsdedona.cat\\\/\"},{\"@type\":\"ListItem\",\"position\":2,\"name\":\"La cara oculta\"}]},{\"@type\":\"WebSite\",\"@id\":\"https:\\\/\\\/desdunsullsdedona.cat\\\/#website\",\"url\":\"https:\\\/\\\/desdunsullsdedona.cat\\\/\",\"name\":\"Des d'uns ulls de dona\",\"description\":\"Fotografia\",\"publisher\":{\"@id\":\"https:\\\/\\\/desdunsullsdedona.cat\\\/#\\\/schema\\\/person\\\/196a83ba901a7db86e6a281e2bd6a27c\"},\"potentialAction\":[{\"@type\":\"SearchAction\",\"target\":{\"@type\":\"EntryPoint\",\"urlTemplate\":\"https:\\\/\\\/desdunsullsdedona.cat\\\/?s={search_term_string}\"},\"query-input\":{\"@type\":\"PropertyValueSpecification\",\"valueRequired\":true,\"valueName\":\"search_term_string\"}}],\"inLanguage\":\"ca\"},{\"@type\":[\"Person\",\"Organization\"],\"@id\":\"https:\\\/\\\/desdunsullsdedona.cat\\\/#\\\/schema\\\/person\\\/196a83ba901a7db86e6a281e2bd6a27c\",\"name\":\"Carme Gotsens Vila\",\"image\":{\"@type\":\"ImageObject\",\"inLanguage\":\"ca\",\"@id\":\"https:\\\/\\\/desdunsullsdedona.cat\\\/wp-content\\\/uploads\\\/2025\\\/01\\\/cropped-sa.webp\",\"url\":\"https:\\\/\\\/desdunsullsdedona.cat\\\/wp-content\\\/uploads\\\/2025\\\/01\\\/cropped-sa.webp\",\"contentUrl\":\"https:\\\/\\\/desdunsullsdedona.cat\\\/wp-content\\\/uploads\\\/2025\\\/01\\\/cropped-sa.webp\",\"width\":500,\"height\":119,\"caption\":\"Carme Gotsens Vila\"},\"logo\":{\"@id\":\"https:\\\/\\\/desdunsullsdedona.cat\\\/wp-content\\\/uploads\\\/2025\\\/01\\\/cropped-sa.webp\"},\"sameAs\":[\"https:\\\/\\\/desdunsullsdedona.cat\"]}]}<\/script>\n<!-- \/ Yoast SEO plugin. -->","yoast_head_json":{"title":"La cara oculta - Carme Gotsens","robots":{"index":"index","follow":"follow","max-snippet":"max-snippet:-1","max-image-preview":"max-image-preview:large","max-video-preview":"max-video-preview:-1"},"canonical":"https:\/\/desdunsullsdedona.cat\/index.php\/projectes__trashed\/la-cara-oculta\/","og_locale":"ca_ES","og_type":"article","og_title":"La cara oculta - Carme Gotsens","og_description":"Hi ha una m\u00e0gia que nom\u00e9s s\u2019activa quan mirem d\u2019una altra manera. Quan deixem de veure el que creiem saber. En aquesta s\u00e8rie, les fruites i verdures abandonen el seu nom i esdevenen formes, relleus, pres\u00e8ncies desconegudes. Un alvocat pot ser un cos sideral. Una ceba, un paisatge. Com la Lluna, que amaga un rostre ... Llegiu m\u00e9s","og_url":"https:\/\/desdunsullsdedona.cat\/index.php\/projectes__trashed\/la-cara-oculta\/","og_site_name":"Carme Gotsens","article_modified_time":"2025-04-22T16:39:57+00:00","og_image":[{"url":"https:\/\/desdunsullsdedona.cat\/wp-content\/uploads\/2020\/04\/01.jpg","type":"","width":"","height":""}],"twitter_card":"summary_large_image","twitter_misc":{"Temps estimat de lectura":"3 minuts"},"schema":{"@context":"https:\/\/schema.org","@graph":[{"@type":"WebPage","@id":"https:\/\/desdunsullsdedona.cat\/index.php\/projectes__trashed\/la-cara-oculta\/","url":"https:\/\/desdunsullsdedona.cat\/index.php\/projectes__trashed\/la-cara-oculta\/","name":"La cara oculta - Carme Gotsens","isPartOf":{"@id":"https:\/\/desdunsullsdedona.cat\/#website"},"primaryImageOfPage":{"@id":"https:\/\/desdunsullsdedona.cat\/index.php\/projectes__trashed\/la-cara-oculta\/#primaryimage"},"image":{"@id":"https:\/\/desdunsullsdedona.cat\/index.php\/projectes__trashed\/la-cara-oculta\/#primaryimage"},"thumbnailUrl":"https:\/\/desdunsullsdedona.cat\/wp-content\/uploads\/2020\/04\/01.jpg","datePublished":"2020-04-18T16:30:58+00:00","dateModified":"2025-04-22T16:39:57+00:00","breadcrumb":{"@id":"https:\/\/desdunsullsdedona.cat\/index.php\/projectes__trashed\/la-cara-oculta\/#breadcrumb"},"inLanguage":"ca","potentialAction":[{"@type":"ReadAction","target":["https:\/\/desdunsullsdedona.cat\/index.php\/projectes__trashed\/la-cara-oculta\/"]}]},{"@type":"ImageObject","inLanguage":"ca","@id":"https:\/\/desdunsullsdedona.cat\/index.php\/projectes__trashed\/la-cara-oculta\/#primaryimage","url":"https:\/\/desdunsullsdedona.cat\/wp-content\/uploads\/2020\/04\/01.jpg","contentUrl":"https:\/\/desdunsullsdedona.cat\/wp-content\/uploads\/2020\/04\/01.jpg"},{"@type":"BreadcrumbList","@id":"https:\/\/desdunsullsdedona.cat\/index.php\/projectes__trashed\/la-cara-oculta\/#breadcrumb","itemListElement":[{"@type":"ListItem","position":1,"name":"Inici","item":"https:\/\/desdunsullsdedona.cat\/"},{"@type":"ListItem","position":2,"name":"La cara oculta"}]},{"@type":"WebSite","@id":"https:\/\/desdunsullsdedona.cat\/#website","url":"https:\/\/desdunsullsdedona.cat\/","name":"Des d'uns ulls de dona","description":"Fotografia","publisher":{"@id":"https:\/\/desdunsullsdedona.cat\/#\/schema\/person\/196a83ba901a7db86e6a281e2bd6a27c"},"potentialAction":[{"@type":"SearchAction","target":{"@type":"EntryPoint","urlTemplate":"https:\/\/desdunsullsdedona.cat\/?s={search_term_string}"},"query-input":{"@type":"PropertyValueSpecification","valueRequired":true,"valueName":"search_term_string"}}],"inLanguage":"ca"},{"@type":["Person","Organization"],"@id":"https:\/\/desdunsullsdedona.cat\/#\/schema\/person\/196a83ba901a7db86e6a281e2bd6a27c","name":"Carme Gotsens Vila","image":{"@type":"ImageObject","inLanguage":"ca","@id":"https:\/\/desdunsullsdedona.cat\/wp-content\/uploads\/2025\/01\/cropped-sa.webp","url":"https:\/\/desdunsullsdedona.cat\/wp-content\/uploads\/2025\/01\/cropped-sa.webp","contentUrl":"https:\/\/desdunsullsdedona.cat\/wp-content\/uploads\/2025\/01\/cropped-sa.webp","width":500,"height":119,"caption":"Carme Gotsens Vila"},"logo":{"@id":"https:\/\/desdunsullsdedona.cat\/wp-content\/uploads\/2025\/01\/cropped-sa.webp"},"sameAs":["https:\/\/desdunsullsdedona.cat"]}]}},"_links":{"self":[{"href":"https:\/\/desdunsullsdedona.cat\/index.php\/wp-json\/wp\/v2\/pages\/368","targetHints":{"allow":["GET"]}}],"collection":[{"href":"https:\/\/desdunsullsdedona.cat\/index.php\/wp-json\/wp\/v2\/pages"}],"about":[{"href":"https:\/\/desdunsullsdedona.cat\/index.php\/wp-json\/wp\/v2\/types\/page"}],"author":[{"embeddable":true,"href":"https:\/\/desdunsullsdedona.cat\/index.php\/wp-json\/wp\/v2\/users\/1"}],"replies":[{"embeddable":true,"href":"https:\/\/desdunsullsdedona.cat\/index.php\/wp-json\/wp\/v2\/comments?post=368"}],"version-history":[{"count":0,"href":"https:\/\/desdunsullsdedona.cat\/index.php\/wp-json\/wp\/v2\/pages\/368\/revisions"}],"wp:attachment":[{"href":"https:\/\/desdunsullsdedona.cat\/index.php\/wp-json\/wp\/v2\/media?parent=368"}],"curies":[{"name":"wp","href":"https:\/\/api.w.org\/{rel}","templated":true}]}}